{"id":252,"date":"2023-10-03T19:54:37","date_gmt":"2023-10-03T19:54:37","guid":{"rendered":"https:\/\/app.asebier.org\/?page_id=252"},"modified":"2023-11-16T18:06:28","modified_gmt":"2023-11-16T18:06:28","slug":"area-psicologica","status":"publish","type":"page","link":"https:\/\/www.asebier.org\/?page_id=252","title":{"rendered":"\u00c1rea Psicol\u00f3gica"},"content":{"rendered":"\n<p><\/p>\n\n\n\n<p><\/p>\n\n\n\n<p><\/p>\n\n\n\n<div class=\"wp-block-columns is-layout-flex wp-container-core-columns-is-layout-9d6595d7 wp-block-columns-is-layout-flex\">\n<div class=\"wp-block-column is-layout-flow wp-block-column-is-layout-flow\">\n<h3 class=\"wp-block-heading has-text-align-center\">ATENCI\u00d3N PSICOL\u00d3GICA<\/h3>\n\n\n\n<p>El Servicio de Atenci\u00f3n psicol\u00f3gica es un servicio profesional de apoyo y acompa\u00f1amiento a las personas afectadas por Enfermedades Raras y a sus familiares. Damos cobertura a todas las personas dentro del territorio hist\u00f3rico del Pa\u00eds Vasco para superar o paliar las dificultades personales (f\u00edsicas y psicol\u00f3gicas), las sociales (barreras arquitect\u00f3nicas, discriminaci\u00f3n social y laboral) as\u00ed como a la incertidumbre y desinformaci\u00f3n que envuelve a todas y cada de ellas con el fin de mejorar su calidad de vida.<\/p>\n\n\n<div class=\"wp-block-image\">\n<figure class=\"aligncenter size-large is-resized\"><img fetchpriority=\"high\" decoding=\"async\" width=\"1024\" height=\"683\" src=\"https:\/\/app.asebier.org\/wp-content\/uploads\/2023\/11\/pexels-shvets-production-7176317-1024x683.jpg\" alt=\"\" class=\"wp-image-964\" style=\"width:367px;height:auto\" srcset=\"https:\/\/www.asebier.org\/wp-content\/uploads\/2023\/11\/pexels-shvets-production-7176317-1024x683.jpg 1024w, https:\/\/www.asebier.org\/wp-content\/uploads\/2023\/11\/pexels-shvets-production-7176317-300x200.jpg 300w, https:\/\/www.asebier.org\/wp-content\/uploads\/2023\/11\/pexels-shvets-production-7176317-768x512.jpg 768w, https:\/\/www.asebier.org\/wp-content\/uploads\/2023\/11\/pexels-shvets-production-7176317-1536x1024.jpg 1536w, https:\/\/www.asebier.org\/wp-content\/uploads\/2023\/11\/pexels-shvets-production-7176317-2048x1365.jpg 2048w, https:\/\/www.asebier.org\/wp-content\/uploads\/2023\/11\/pexels-shvets-production-7176317-930x620.jpg 930w\" sizes=\"(max-width: 1024px) 100vw, 1024px\" \/><\/figure>\n<\/div><\/div>\n<\/div>\n\n\n\n<div class=\"wp-block-columns is-layout-flex wp-container-core-columns-is-layout-9d6595d7 wp-block-columns-is-layout-flex\">\n<div class=\"wp-block-column is-layout-flow wp-block-column-is-layout-flow\">\n<p class=\"has-text-align-center\"><strong>GRUPOS DE APOYO <\/strong><\/p>\n\n\n\n<p>En estos grupos de apoyo nos reunimos peri\u00f3dicamente para compartir e intercambiar vivencias. Tenemos como objetivo dar sentido de pertenencia y sost\u00e9n, de generar un espacio de apoyo y desahogo para las personas usuarias adem\u00e1s de intentar adquirir las habilidades necesarias para analizar y solucionar las dificultades que van surgiendo para satisfacer las necesidades humanas b\u00e1sicas como la seguridad, el afecto y el autoestima.<\/p>\n<\/div>\n\n\n\n<div class=\"wp-block-column is-layout-flow wp-block-column-is-layout-flow\">\n<p class=\"has-text-align-center\"><strong>ATENCI\u00d3N INDIVIDUAL<\/strong><\/p>\n\n\n\n<p>Desde la Atenci\u00f3n Psicol\u00f3gica Individual damos respuesta a las<br>necesidades puntuales o permanentes tanto de los usuarios como de<br>los familiares y cuidadores.<br>Superar las secuelas psicol\u00f3gicas es vital para sobrellevar la<br>enfermedad, por este motivo, nuestro objetivo es dar acompa\u00f1amiento<br>emocional para poder hacer frente a los retos del d\u00eda a d\u00eda .<\/p>\n<\/div>\n<\/div>\n\n\n\n<div style=\"height:47px\" aria-hidden=\"true\" class=\"wp-block-spacer\"><\/div>\n\n\n\n<div style=\"height:27px\" aria-hidden=\"true\" class=\"wp-block-spacer\"><\/div>\n\n\n\n<div class=\"wp-block-cover alignwide is-light\" style=\"min-height:500px;aspect-ratio:unset;\"><span aria-hidden=\"true\" class=\"wp-block-cover__background has-nv-light-bg-background-color has-background-dim-80 has-background-dim\"><\/span><img decoding=\"async\" class=\"wp-block-cover__image-background\" alt=\"\" src=\"https:\/\/app.asebier.org\/wp-content\/themes\/neve\/assets\/img\/patterns\/neve-patterns-18.jpg\" style=\"object-position:16% 91%\" data-object-fit=\"cover\" data-object-position=\"16% 91%\"\/><div class=\"wp-block-cover__inner-container is-layout-flow wp-block-cover-is-layout-flow\">\n<div style=\"height:47px\" aria-hidden=\"true\" class=\"wp-block-spacer\"><\/div>\n\n\n\n<div style=\"height:12px\" aria-hidden=\"true\" class=\"wp-block-spacer\"><\/div>\n\n\n\n<div class=\"wp-block-columns is-layout-flex wp-container-core-columns-is-layout-9d6595d7 wp-block-columns-is-layout-flex\">\n<div class=\"wp-block-column is-vertically-aligned-center is-layout-flow wp-block-column-is-layout-flow\" style=\"flex-basis:66.66%\">\n<h3 class=\"wp-block-heading alignwide has-text-align-center\">SERVICIO DE INFORMACI\u00d3N Y ORIENTACI\u00d3N (SIO)<\/h3>\n\n\n\n<p class=\"has-text-align-left\">Servicio Gratuito de atenci\u00f3n y apoyo que se presta desde la entidad con el objetivo de ayudar a satisfacer las necesidades de las personas afectadas por una Enfermedad Rara, personas que no tienen diagn\u00f3stico, sus familiares y los profesionales relacionados de todos los \u00e1mbitos (sanitario, social, psicol\u00f3gico, laboral\u2026) as\u00ed como a entidades, asociaciones, organismos interesados y poblaci\u00f3n general con inter\u00e9s en las mismas.<br>Desde SIO facilitamos el acceso a informaci\u00f3n de calidad y damos apoyo orientado a las personas que recurren a este servicio. Las consultas se pueden realizar de forma presencial, telef\u00f3nica, por correo electr\u00f3nico o por redes sociales. <\/p>\n<\/div>\n\n\n\n<div class=\"wp-block-column is-layout-flow wp-block-column-is-layout-flow\" style=\"flex-basis:33.33%\"><div class=\"wp-block-image\">\n<figure class=\"aligncenter size-large is-resized\"><img decoding=\"async\" width=\"1024\" height=\"655\" src=\"https:\/\/app.asebier.org\/wp-content\/uploads\/2023\/11\/pexels-joshua-woroniecki-3832684-1024x655.jpg\" alt=\"\" class=\"wp-image-1319\" style=\"width:411px;height:auto\" srcset=\"https:\/\/www.asebier.org\/wp-content\/uploads\/2023\/11\/pexels-joshua-woroniecki-3832684-1024x655.jpg 1024w, https:\/\/www.asebier.org\/wp-content\/uploads\/2023\/11\/pexels-joshua-woroniecki-3832684-300x192.jpg 300w, https:\/\/www.asebier.org\/wp-content\/uploads\/2023\/11\/pexels-joshua-woroniecki-3832684-768x491.jpg 768w, https:\/\/www.asebier.org\/wp-content\/uploads\/2023\/11\/pexels-joshua-woroniecki-3832684-1536x982.jpg 1536w, https:\/\/www.asebier.org\/wp-content\/uploads\/2023\/11\/pexels-joshua-woroniecki-3832684-2048x1309.jpg 2048w\" sizes=\"(max-width: 1024px) 100vw, 1024px\" \/><\/figure>\n<\/div><\/div>\n<\/div>\n\n\n\n<div class=\"wp-block-buttons is-content-justification-center is-layout-flex wp-container-core-buttons-is-layout-16018d1d wp-block-buttons-is-layout-flex\">\n<div class=\"wp-block-button\"><a class=\"wp-block-button__link has-text-align-center wp-element-button\">SIO<br><strong>94 447 33 97<\/strong><br><strong>info@asebier.org<\/strong><\/a><\/div>\n<\/div>\n\n\n\n<div style=\"height:28px\" aria-hidden=\"true\" class=\"wp-block-spacer\"><\/div>\n\n\n\n<div style=\"height:28px\" aria-hidden=\"true\" class=\"wp-block-spacer\"><\/div>\n<\/div><\/div>\n\n\n\n<div style=\"height:45px\" aria-hidden=\"true\" class=\"wp-block-spacer\"><\/div>\n\n\n\n<p><\/p>\n\n\n\n<h3 class=\"wp-block-heading has-text-align-center\">INTERVENCI\u00d3N EDUCATIVA<\/h3>\n\n\n\n<div style=\"height:38px\" aria-hidden=\"true\" class=\"wp-block-spacer\"><\/div>\n\n\n\n<p><\/p>\n\n\n\n<div class=\"wp-block-columns is-layout-flex wp-container-core-columns-is-layout-9d6595d7 wp-block-columns-is-layout-flex\">\n<div class=\"wp-block-column is-layout-flow wp-block-column-is-layout-flow\">\n<h3 class=\"wp-block-heading has-text-align-center\">EGUNEROKO PROGRAMA<\/h3>\n\n\n\n<p>Desde la necesidad de nuestros socios naci\u00f3 la idea de realizar actividades l\u00fadicas y de apoyo, con el fin de fomentar la autonom\u00eda y la calidad de vida, pero tambi\u00e9n, para poder desarrollar conocimientos y habilidades sobre el arte, la cultura, la literatura, la m\u00fasica, el baile y el deporte.<\/p>\n\n\n\n<p>En el programa podemos encontrar diferentes tipos de actividades:<\/p>\n\n\n\n<ul class=\"wp-block-list\">\n<li>Apoyo educativo y aprender jugando<\/li>\n\n\n\n<li>Taller de teatro<\/li>\n\n\n\n<li>Talleres tem\u00e1ticos, creativos, deportivos, RRSS..<\/li>\n<\/ul>\n<\/div>\n\n\n\n<div class=\"wp-block-column is-layout-flow wp-block-column-is-layout-flow\">\n<h3 class=\"wp-block-heading has-text-align-center\">ESTIMULACI\u00d3N COGNITIVA<\/h3>\n\n\n\n<p>Estos talleres tienen como finalidad estimular las diferentes funciones cognitivas como la orientaci\u00f3n, memoria, atenci\u00f3n y concentraci\u00f3n, el lenguaje y lecto-escritura, funciones ejecutivas, c\u00e1lculo, etc\u2026y ralentizar, en la medida de lo posible el deterioro cognitivo para mantener las habilidades preservadas. En concreto, se desarrollar\u00e1n de forma pr\u00e1ctica ejercicios de estimulaci\u00f3n, atenci\u00f3n, memoria, lenguaje y psicomotricidad.<\/p>\n<\/div>\n<\/div>\n\n\n\n<p><\/p>\n\n\n\n<div style=\"height:38px\" aria-hidden=\"true\" class=\"wp-block-spacer\"><\/div>\n\n\n\n<div class=\"wp-block-cover alignwide\" style=\"min-height:500px;aspect-ratio:unset;\"><span aria-hidden=\"true\" class=\"wp-block-cover__background has-nv-light-bg-background-color has-background-dim-80 has-background-dim\"><\/span><img decoding=\"async\" class=\"wp-block-cover__image-background\" alt=\"\" src=\"https:\/\/app.asebier.org\/wp-content\/themes\/neve\/assets\/img\/patterns\/neve-patterns-18.jpg\" style=\"object-position:16% 91%\" data-object-fit=\"cover\" data-object-position=\"16% 91%\"\/><div class=\"wp-block-cover__inner-container is-layout-flow wp-block-cover-is-layout-flow\">\n<div style=\"height:18px\" aria-hidden=\"true\" class=\"wp-block-spacer\"><\/div>\n\n\n\n<h3 class=\"wp-block-heading has-text-align-center\"><mark style=\"background-color:rgba(0, 0, 0, 0)\" class=\"has-inline-color has-nv-dark-bg-color\">TALLERES<\/mark><\/h3>\n\n\n\n<div style=\"height:18px\" aria-hidden=\"true\" class=\"wp-block-spacer\"><\/div>\n\n\n\n<div class=\"wp-block-columns is-layout-flex wp-container-core-columns-is-layout-9d6595d7 wp-block-columns-is-layout-flex\">\n<div class=\"wp-block-column is-layout-flow wp-block-column-is-layout-flow\">\n<h3 class=\"wp-block-heading has-text-align-center\"><mark style=\"background-color:rgba(0, 0, 0, 0)\" class=\"has-inline-color has-nv-dark-bg-color\">CUIDAR CUID\u00c1NDOTE<\/mark><\/h3>\n\n\n\n<p><mark style=\"background-color:rgba(0, 0, 0, 0)\" class=\"has-inline-color has-nv-dark-bg-color\">Tiene como objetivo que las personas cuidadoras se sientan mejor consigo mismas y su situaci\u00f3n adquiriendo herramientas y recursos para poder evadirse durante unas horas de las circunstancias y atendiendo a sus propias necesidades.<\/mark><\/p>\n<\/div>\n\n\n\n<div class=\"wp-block-column is-layout-flow wp-block-column-is-layout-flow\">\n<h3 class=\"wp-block-heading has-text-align-center\"><mark style=\"background-color:rgba(0, 0, 0, 0)\" class=\"has-inline-color has-nv-dark-bg-color\">PSICO ER<\/mark><\/h3>\n\n\n\n<p><mark style=\"background-color:rgba(0, 0, 0, 0)\" class=\"has-inline-color has-nv-dark-bg-color\">Talleres de diferentes tem\u00e1ticas dise\u00f1adas para afrontar de manera grupal las dificultades que se presentan durante los<br>tr\u00e1mites hasta llegar a un diagn\u00f3stico. A trav\u00e9s de diversos recursos trabajamos para sobrellevar esa incertidumbre, el estigma y las dificultades que supone la b\u00fasqueda de tratamiento<\/mark><\/p>\n<\/div>\n\n\n\n<div class=\"wp-block-column is-layout-flow wp-block-column-is-layout-flow\">\n<h3 class=\"wp-block-heading has-text-align-center\"><mark style=\"background-color:rgba(0, 0, 0, 0)\" class=\"has-inline-color has-nv-dark-bg-color\">ESCUELA DE FAMILIAS<\/mark><\/h3>\n\n\n\n<p><mark style=\"background-color:rgba(0, 0, 0, 0)\" class=\"has-inline-color has-nv-dark-bg-color\">Talleres mensuales dirigidos a las familias de personas afectadas por Enfermedades Raras con el objetivo de brindarles herramientas y apoyo para lidiar con el malestar y las complicaciones que puedan ir surgiendo.<\/mark><\/p>\n<\/div>\n<\/div>\n\n\n<div class=\"wp-block-image\">\n<figure class=\"aligncenter size-large is-resized\"><img decoding=\"async\" width=\"1024\" height=\"683\" src=\"https:\/\/app.asebier.org\/wp-content\/uploads\/2023\/11\/pexels-rdne-stock-project-8033964-1024x683.jpg\" alt=\"\" class=\"wp-image-1337\" style=\"width:350px;height:auto\" srcset=\"https:\/\/www.asebier.org\/wp-content\/uploads\/2023\/11\/pexels-rdne-stock-project-8033964-1024x683.jpg 1024w, https:\/\/www.asebier.org\/wp-content\/uploads\/2023\/11\/pexels-rdne-stock-project-8033964-300x200.jpg 300w, https:\/\/www.asebier.org\/wp-content\/uploads\/2023\/11\/pexels-rdne-stock-project-8033964-768x512.jpg 768w, https:\/\/www.asebier.org\/wp-content\/uploads\/2023\/11\/pexels-rdne-stock-project-8033964-1536x1024.jpg 1536w, https:\/\/www.asebier.org\/wp-content\/uploads\/2023\/11\/pexels-rdne-stock-project-8033964-2048x1365.jpg 2048w, https:\/\/www.asebier.org\/wp-content\/uploads\/2023\/11\/pexels-rdne-stock-project-8033964-930x620.jpg 930w\" sizes=\"(max-width: 1024px) 100vw, 1024px\" \/><\/figure>\n<\/div>\n\n\n<div style=\"height:28px\" aria-hidden=\"true\" class=\"wp-block-spacer\"><\/div>\n<\/div><\/div>\n\n\n\n<div style=\"height:101px\" aria-hidden=\"true\" class=\"wp-block-spacer\"><\/div>\n\n\n\n<div class=\"wp-block-group alignfull has-contrast-color has-text-color is-vertical is-content-justification-center is-layout-flex wp-container-core-group-is-layout-f1198d31 wp-block-group-is-layout-flex\" style=\"min-height:40vh;margin-top:0;margin-bottom:0;padding-top:var(--wp--preset--spacing--60);padding-right:var(--wp--preset--spacing--50);padding-bottom:var(--wp--preset--spacing--60);padding-left:var(--wp--preset--spacing--50)\"><div style=\"margin-bottom:6px;\" class=\"is-default-size aligncenter wp-block-site-logo\"><a href=\"https:\/\/www.asebier.org\/\" class=\"custom-logo-link\" rel=\"home\"><img loading=\"lazy\" decoding=\"async\" width=\"595\" height=\"420\" src=\"https:\/\/www.asebier.org\/wp-content\/uploads\/2023\/11\/logo_asebier.png\" class=\"custom-logo\" alt=\"ASEBIER\" srcset=\"https:\/\/www.asebier.org\/wp-content\/uploads\/2023\/11\/logo_asebier.png 595w, https:\/\/www.asebier.org\/wp-content\/uploads\/2023\/11\/logo_asebier-300x212.png 300w\" sizes=\"(max-width: 595px) 100vw, 595px\" \/><\/a><\/div>\n\n\n<div style=\"height:0px\" aria-hidden=\"true\" class=\"wp-block-spacer wp-container-content-071bc9c0\"><\/div>\n\n\n\n<ul class=\"wp-block-social-links has-normal-icon-size is-style-logos-only is-nowrap is-layout-flex wp-container-core-social-links-is-layout-53bee8aa wp-block-social-links-is-layout-flex\"><li class=\"wp-social-link wp-social-link-instagram  wp-block-social-link\"><a href=\"https:\/\/www.instagram.com\/asebier\/?hl=es\" class=\"wp-block-social-link-anchor\"><svg width=\"24\" height=\"24\" viewBox=\"0 0 24 24\" version=\"1.1\" xmlns=\"http:\/\/www.w3.org\/2000\/svg\" aria-hidden=\"true\" focusable=\"false\"><path d=\"M12,4.622c2.403,0,2.688,0.009,3.637,0.052c0.877,0.04,1.354,0.187,1.671,0.31c0.42,0.163,0.72,0.358,1.035,0.673 c0.315,0.315,0.51,0.615,0.673,1.035c0.123,0.317,0.27,0.794,0.31,1.671c0.043,0.949,0.052,1.234,0.052,3.637 s-0.009,2.688-0.052,3.637c-0.04,0.877-0.187,1.354-0.31,1.671c-0.163,0.42-0.358,0.72-0.673,1.035 c-0.315,0.315-0.615,0.51-1.035,0.673c-0.317,0.123-0.794,0.27-1.671,0.31c-0.949,0.043-1.233,0.052-3.637,0.052 s-2.688-0.009-3.637-0.052c-0.877-0.04-1.354-0.187-1.671-0.31c-0.42-0.163-0.72-0.358-1.035-0.673 c-0.315-0.315-0.51-0.615-0.673-1.035c-0.123-0.317-0.27-0.794-0.31-1.671C4.631,14.688,4.622,14.403,4.622,12 s0.009-2.688,0.052-3.637c0.04-0.877,0.187-1.354,0.31-1.671c0.163-0.42,0.358-0.72,0.673-1.035 c0.315-0.315,0.615-0.51,1.035-0.673c0.317-0.123,0.794-0.27,1.671-0.31C9.312,4.631,9.597,4.622,12,4.622 M12,3 C9.556,3,9.249,3.01,8.289,3.054C7.331,3.098,6.677,3.25,6.105,3.472C5.513,3.702,5.011,4.01,4.511,4.511 c-0.5,0.5-0.808,1.002-1.038,1.594C3.25,6.677,3.098,7.331,3.054,8.289C3.01,9.249,3,9.556,3,12c0,2.444,0.01,2.751,0.054,3.711 c0.044,0.958,0.196,1.612,0.418,2.185c0.23,0.592,0.538,1.094,1.038,1.594c0.5,0.5,1.002,0.808,1.594,1.038 c0.572,0.222,1.227,0.375,2.185,0.418C9.249,20.99,9.556,21,12,21s2.751-0.01,3.711-0.054c0.958-0.044,1.612-0.196,2.185-0.418 c0.592-0.23,1.094-0.538,1.594-1.038c0.5-0.5,0.808-1.002,1.038-1.594c0.222-0.572,0.375-1.227,0.418-2.185 C20.99,14.751,21,14.444,21,12s-0.01-2.751-0.054-3.711c-0.044-0.958-0.196-1.612-0.418-2.185c-0.23-0.592-0.538-1.094-1.038-1.594 c-0.5-0.5-1.002-0.808-1.594-1.038c-0.572-0.222-1.227-0.375-2.185-0.418C14.751,3.01,14.444,3,12,3L12,3z M12,7.378 c-2.552,0-4.622,2.069-4.622,4.622S9.448,16.622,12,16.622s4.622-2.069,4.622-4.622S14.552,7.378,12,7.378z M12,15 c-1.657,0-3-1.343-3-3s1.343-3,3-3s3,1.343,3,3S13.657,15,12,15z M16.804,6.116c-0.596,0-1.08,0.484-1.08,1.08 s0.484,1.08,1.08,1.08c0.596,0,1.08-0.484,1.08-1.08S17.401,6.116,16.804,6.116z\"><\/path><\/svg><span class=\"wp-block-social-link-label screen-reader-text\">Instagram<\/span><\/a><\/li>\n\n<li class=\"wp-social-link wp-social-link-facebook  wp-block-social-link\"><a href=\"https:\/\/www.facebook.com\/ASEBIER\/?locale=es_ES\" class=\"wp-block-social-link-anchor\"><svg width=\"24\" height=\"24\" viewBox=\"0 0 24 24\" version=\"1.1\" xmlns=\"http:\/\/www.w3.org\/2000\/svg\" aria-hidden=\"true\" focusable=\"false\"><path d=\"M12 2C6.5 2 2 6.5 2 12c0 5 3.7 9.1 8.4 9.9v-7H7.9V12h2.5V9.8c0-2.5 1.5-3.9 3.8-3.9 1.1 0 2.2.2 2.2.2v2.5h-1.3c-1.2 0-1.6.8-1.6 1.6V12h2.8l-.4 2.9h-2.3v7C18.3 21.1 22 17 22 12c0-5.5-4.5-10-10-10z\"><\/path><\/svg><span class=\"wp-block-social-link-label screen-reader-text\">Facebook<\/span><\/a><\/li>\n\n<li class=\"wp-social-link wp-social-link-youtube  wp-block-social-link\"><a href=\"https:\/\/www.youtube.com\/user\/asebibizkaia\" class=\"wp-block-social-link-anchor\"><svg width=\"24\" height=\"24\" viewBox=\"0 0 24 24\" version=\"1.1\" xmlns=\"http:\/\/www.w3.org\/2000\/svg\" aria-hidden=\"true\" focusable=\"false\"><path d=\"M21.8,8.001c0,0-0.195-1.378-0.795-1.985c-0.76-0.797-1.613-0.801-2.004-0.847c-2.799-0.202-6.997-0.202-6.997-0.202 h-0.009c0,0-4.198,0-6.997,0.202C4.608,5.216,3.756,5.22,2.995,6.016C2.395,6.623,2.2,8.001,2.2,8.001S2,9.62,2,11.238v1.517 c0,1.618,0.2,3.237,0.2,3.237s0.195,1.378,0.795,1.985c0.761,0.797,1.76,0.771,2.205,0.855c1.6,0.153,6.8,0.201,6.8,0.201 s4.203-0.006,7.001-0.209c0.391-0.047,1.243-0.051,2.004-0.847c0.6-0.607,0.795-1.985,0.795-1.985s0.2-1.618,0.2-3.237v-1.517 C22,9.62,21.8,8.001,21.8,8.001z M9.935,14.594l-0.001-5.62l5.404,2.82L9.935,14.594z\"><\/path><\/svg><span class=\"wp-block-social-link-label screen-reader-text\">YouTube<\/span><\/a><\/li>\n\n<li class=\"wp-social-link wp-social-link-x  wp-block-social-link\"><a href=\"https:\/\/twitter.com\/asebier?lang=es\" class=\"wp-block-social-link-anchor\"><svg width=\"24\" height=\"24\" viewBox=\"0 0 24 24\" version=\"1.1\" xmlns=\"http:\/\/www.w3.org\/2000\/svg\" aria-hidden=\"true\" focusable=\"false\"><path d=\"M13.982 10.622 20.54 3h-1.554l-5.693 6.618L8.745 3H3.5l6.876 10.007L3.5 21h1.554l6.012-6.989L15.868 21h5.245l-7.131-10.378Zm-2.128 2.474-.697-.997-5.543-7.93H8l4.474 6.4.697.996 5.815 8.318h-2.387l-4.745-6.787Z\" \/><\/svg><span class=\"wp-block-social-link-label screen-reader-text\">X<\/span><\/a><\/li><\/ul>\n\n\n\n<p class=\"has-text-align-left\"><\/p>\n\n\n\n<p class=\"has-text-align-left\">       <\/p>\n<\/div>\n","protected":false},"excerpt":{"rendered":"<p>ATENCI\u00d3N PSICOL\u00d3GICA El Servicio de Atenci\u00f3n psicol\u00f3gica es un servicio profesional de apoyo y acompa\u00f1amiento a las personas afectadas por Enfermedades Raras y a sus familiares. Damos cobertura a todas&hellip;&nbsp;<a href=\"https:\/\/www.asebier.org\/?page_id=252\" class=\"\" rel=\"bookmark\">Leer m\u00e1s &raquo;<span class=\"screen-reader-text\">\u00c1rea Psicol\u00f3gica<\/span><\/a><\/p>\n","protected":false},"author":2,"featured_media":0,"parent":0,"menu_order":0,"comment_status":"closed","ping_status":"closed","template":"elementor_theme","meta":{"neve_meta_sidebar":"full-width","neve_meta_container":"default","neve_meta_enable_content_width":"","neve_meta_content_width":0,"neve_meta_title_alignment":"left","neve_meta_author_avatar":"","neve_post_elements_order":"","neve_meta_disable_header":"off","neve_meta_disable_footer":"","neve_meta_disable_title":"","footnotes":""},"class_list":["post-252","page","type-page","status-publish","hentry"],"yoast_head":"<!-- This site is optimized with the Yoast SEO plugin v27.5 - https:\/\/yoast.com\/product\/yoast-seo-wordpress\/ -->\n<title>\u00c1rea Psicol\u00f3gica - ASEBIER<\/title>\n<meta name=\"robots\" content=\"index, follow, max-snippet:-1, max-image-preview:large, max-video-preview:-1\" \/>\n<link rel=\"canonical\" href=\"https:\/\/www.asebier.org\/?page_id=252\" \/>\n<meta property=\"og:locale\" content=\"es_ES\" \/>\n<meta property=\"og:type\" content=\"article\" \/>\n<meta property=\"og:title\" content=\"\u00c1rea Psicol\u00f3gica - ASEBIER\" \/>\n<meta property=\"og:description\" content=\"ATENCI\u00d3N PSICOL\u00d3GICA El Servicio de Atenci\u00f3n psicol\u00f3gica es un servicio profesional de apoyo y acompa\u00f1amiento a las personas afectadas por Enfermedades Raras y a sus familiares. Damos cobertura a todas&hellip;&nbsp;Leer m\u00e1s &raquo;\u00c1rea Psicol\u00f3gica\" \/>\n<meta property=\"og:url\" content=\"https:\/\/www.asebier.org\/?page_id=252\" \/>\n<meta property=\"og:site_name\" content=\"ASEBIER\" \/>\n<meta property=\"article:modified_time\" content=\"2023-11-16T18:06:28+00:00\" \/>\n<meta property=\"og:image\" content=\"https:\/\/app.asebier.org\/wp-content\/uploads\/2023\/11\/pexels-shvets-production-7176317-1024x683.jpg\" \/>\n<meta name=\"twitter:card\" content=\"summary_large_image\" \/>\n<meta name=\"twitter:label1\" content=\"Tiempo de lectura\" \/>\n\t<meta name=\"twitter:data1\" content=\"4 minutos\" \/>\n<script type=\"application\/ld+json\" class=\"yoast-schema-graph\">{\"@context\":\"https:\\\/\\\/schema.org\",\"@graph\":[{\"@type\":\"WebPage\",\"@id\":\"https:\\\/\\\/www.asebier.org\\\/?page_id=252\",\"url\":\"https:\\\/\\\/www.asebier.org\\\/?page_id=252\",\"name\":\"\u00c1rea Psicol\u00f3gica - ASEBIER\",\"isPartOf\":{\"@id\":\"https:\\\/\\\/www.asebier.org\\\/#website\"},\"primaryImageOfPage\":{\"@id\":\"https:\\\/\\\/www.asebier.org\\\/?page_id=252#primaryimage\"},\"image\":{\"@id\":\"https:\\\/\\\/www.asebier.org\\\/?page_id=252#primaryimage\"},\"thumbnailUrl\":\"https:\\\/\\\/app.asebier.org\\\/wp-content\\\/uploads\\\/2023\\\/11\\\/pexels-shvets-production-7176317-1024x683.jpg\",\"datePublished\":\"2023-10-03T19:54:37+00:00\",\"dateModified\":\"2023-11-16T18:06:28+00:00\",\"breadcrumb\":{\"@id\":\"https:\\\/\\\/www.asebier.org\\\/?page_id=252#breadcrumb\"},\"inLanguage\":\"es\",\"potentialAction\":[{\"@type\":\"ReadAction\",\"target\":[\"https:\\\/\\\/www.asebier.org\\\/?page_id=252\"]}]},{\"@type\":\"ImageObject\",\"inLanguage\":\"es\",\"@id\":\"https:\\\/\\\/www.asebier.org\\\/?page_id=252#primaryimage\",\"url\":\"https:\\\/\\\/app.asebier.org\\\/wp-content\\\/uploads\\\/2023\\\/11\\\/pexels-shvets-production-7176317-1024x683.jpg\",\"contentUrl\":\"https:\\\/\\\/app.asebier.org\\\/wp-content\\\/uploads\\\/2023\\\/11\\\/pexels-shvets-production-7176317-1024x683.jpg\"},{\"@type\":\"BreadcrumbList\",\"@id\":\"https:\\\/\\\/www.asebier.org\\\/?page_id=252#breadcrumb\",\"itemListElement\":[{\"@type\":\"ListItem\",\"position\":1,\"name\":\"Portada\",\"item\":\"https:\\\/\\\/www.asebier.org\\\/\"},{\"@type\":\"ListItem\",\"position\":2,\"name\":\"\u00c1rea Psicol\u00f3gica\"}]},{\"@type\":\"WebSite\",\"@id\":\"https:\\\/\\\/www.asebier.org\\\/#website\",\"url\":\"https:\\\/\\\/www.asebier.org\\\/\",\"name\":\"ASEBIER\",\"description\":\"Asociaci\u00f3n Euskadi Elkartea Enfermedades Raras EBH\",\"publisher\":{\"@id\":\"https:\\\/\\\/www.asebier.org\\\/#organization\"},\"potentialAction\":[{\"@type\":\"SearchAction\",\"target\":{\"@type\":\"EntryPoint\",\"urlTemplate\":\"https:\\\/\\\/www.asebier.org\\\/?s={search_term_string}\"},\"query-input\":{\"@type\":\"PropertyValueSpecification\",\"valueRequired\":true,\"valueName\":\"search_term_string\"}}],\"inLanguage\":\"es\"},{\"@type\":\"Organization\",\"@id\":\"https:\\\/\\\/www.asebier.org\\\/#organization\",\"name\":\"ASEBIER\",\"url\":\"https:\\\/\\\/www.asebier.org\\\/\",\"logo\":{\"@type\":\"ImageObject\",\"inLanguage\":\"es\",\"@id\":\"https:\\\/\\\/www.asebier.org\\\/#\\\/schema\\\/logo\\\/image\\\/\",\"url\":\"https:\\\/\\\/www.asebier.org\\\/wp-content\\\/uploads\\\/2023\\\/11\\\/logo_asebier.png\",\"contentUrl\":\"https:\\\/\\\/www.asebier.org\\\/wp-content\\\/uploads\\\/2023\\\/11\\\/logo_asebier.png\",\"width\":595,\"height\":420,\"caption\":\"ASEBIER\"},\"image\":{\"@id\":\"https:\\\/\\\/www.asebier.org\\\/#\\\/schema\\\/logo\\\/image\\\/\"}}]}<\/script>\n<!-- \/ Yoast SEO plugin. -->","yoast_head_json":{"title":"\u00c1rea Psicol\u00f3gica - ASEBIER","robots":{"index":"index","follow":"follow","max-snippet":"max-snippet:-1","max-image-preview":"max-image-preview:large","max-video-preview":"max-video-preview:-1"},"canonical":"https:\/\/www.asebier.org\/?page_id=252","og_locale":"es_ES","og_type":"article","og_title":"\u00c1rea Psicol\u00f3gica - ASEBIER","og_description":"ATENCI\u00d3N PSICOL\u00d3GICA El Servicio de Atenci\u00f3n psicol\u00f3gica es un servicio profesional de apoyo y acompa\u00f1amiento a las personas afectadas por Enfermedades Raras y a sus familiares. Damos cobertura a todas&hellip;&nbsp;Leer m\u00e1s &raquo;\u00c1rea Psicol\u00f3gica","og_url":"https:\/\/www.asebier.org\/?page_id=252","og_site_name":"ASEBIER","article_modified_time":"2023-11-16T18:06:28+00:00","og_image":[{"url":"https:\/\/app.asebier.org\/wp-content\/uploads\/2023\/11\/pexels-shvets-production-7176317-1024x683.jpg","type":"","width":"","height":""}],"twitter_card":"summary_large_image","twitter_misc":{"Tiempo de lectura":"4 minutos"},"schema":{"@context":"https:\/\/schema.org","@graph":[{"@type":"WebPage","@id":"https:\/\/www.asebier.org\/?page_id=252","url":"https:\/\/www.asebier.org\/?page_id=252","name":"\u00c1rea Psicol\u00f3gica - ASEBIER","isPartOf":{"@id":"https:\/\/www.asebier.org\/#website"},"primaryImageOfPage":{"@id":"https:\/\/www.asebier.org\/?page_id=252#primaryimage"},"image":{"@id":"https:\/\/www.asebier.org\/?page_id=252#primaryimage"},"thumbnailUrl":"https:\/\/app.asebier.org\/wp-content\/uploads\/2023\/11\/pexels-shvets-production-7176317-1024x683.jpg","datePublished":"2023-10-03T19:54:37+00:00","dateModified":"2023-11-16T18:06:28+00:00","breadcrumb":{"@id":"https:\/\/www.asebier.org\/?page_id=252#breadcrumb"},"inLanguage":"es","potentialAction":[{"@type":"ReadAction","target":["https:\/\/www.asebier.org\/?page_id=252"]}]},{"@type":"ImageObject","inLanguage":"es","@id":"https:\/\/www.asebier.org\/?page_id=252#primaryimage","url":"https:\/\/app.asebier.org\/wp-content\/uploads\/2023\/11\/pexels-shvets-production-7176317-1024x683.jpg","contentUrl":"https:\/\/app.asebier.org\/wp-content\/uploads\/2023\/11\/pexels-shvets-production-7176317-1024x683.jpg"},{"@type":"BreadcrumbList","@id":"https:\/\/www.asebier.org\/?page_id=252#breadcrumb","itemListElement":[{"@type":"ListItem","position":1,"name":"Portada","item":"https:\/\/www.asebier.org\/"},{"@type":"ListItem","position":2,"name":"\u00c1rea Psicol\u00f3gica"}]},{"@type":"WebSite","@id":"https:\/\/www.asebier.org\/#website","url":"https:\/\/www.asebier.org\/","name":"ASEBIER","description":"Asociaci\u00f3n Euskadi Elkartea Enfermedades Raras EBH","publisher":{"@id":"https:\/\/www.asebier.org\/#organization"},"potentialAction":[{"@type":"SearchAction","target":{"@type":"EntryPoint","urlTemplate":"https:\/\/www.asebier.org\/?s={search_term_string}"},"query-input":{"@type":"PropertyValueSpecification","valueRequired":true,"valueName":"search_term_string"}}],"inLanguage":"es"},{"@type":"Organization","@id":"https:\/\/www.asebier.org\/#organization","name":"ASEBIER","url":"https:\/\/www.asebier.org\/","logo":{"@type":"ImageObject","inLanguage":"es","@id":"https:\/\/www.asebier.org\/#\/schema\/logo\/image\/","url":"https:\/\/www.asebier.org\/wp-content\/uploads\/2023\/11\/logo_asebier.png","contentUrl":"https:\/\/www.asebier.org\/wp-content\/uploads\/2023\/11\/logo_asebier.png","width":595,"height":420,"caption":"ASEBIER"},"image":{"@id":"https:\/\/www.asebier.org\/#\/schema\/logo\/image\/"}}]}},"_links":{"self":[{"href":"https:\/\/www.asebier.org\/index.php?rest_route=\/wp\/v2\/pages\/252","targetHints":{"allow":["GET"]}}],"collection":[{"href":"https:\/\/www.asebier.org\/index.php?rest_route=\/wp\/v2\/pages"}],"about":[{"href":"https:\/\/www.asebier.org\/index.php?rest_route=\/wp\/v2\/types\/page"}],"author":[{"embeddable":true,"href":"https:\/\/www.asebier.org\/index.php?rest_route=\/wp\/v2\/users\/2"}],"replies":[{"embeddable":true,"href":"https:\/\/www.asebier.org\/index.php?rest_route=%2Fwp%2Fv2%2Fcomments&post=252"}],"version-history":[{"count":89,"href":"https:\/\/www.asebier.org\/index.php?rest_route=\/wp\/v2\/pages\/252\/revisions"}],"predecessor-version":[{"id":1439,"href":"https:\/\/www.asebier.org\/index.php?rest_route=\/wp\/v2\/pages\/252\/revisions\/1439"}],"wp:attachment":[{"href":"https:\/\/www.asebier.org\/index.php?rest_route=%2Fwp%2Fv2%2Fmedia&parent=252"}],"curies":[{"name":"wp","href":"https:\/\/api.w.org\/{rel}","templated":true}]}}