{"id":18,"date":"2023-09-29T14:08:51","date_gmt":"2023-09-29T14:08:51","guid":{"rendered":"https:\/\/app.asebier.org\/?page_id=18"},"modified":"2023-11-27T14:53:02","modified_gmt":"2023-11-27T14:53:02","slug":"porfolio","status":"publish","type":"page","link":"https:\/\/www.asebier.org\/?page_id=18","title":{"rendered":"Porfolio"},"content":{"rendered":"\n<div class=\"wp-block-cover\" style=\"min-height:247px;aspect-ratio:unset;\"><span aria-hidden=\"true\" class=\"wp-block-cover__background has-nv-site-bg-background-color has-background-dim-100 has-background-dim\"><\/span><div class=\"wp-block-cover__inner-container is-layout-flow wp-block-cover-is-layout-flow\">\n<div class=\"wp-block-group\"><div class=\"wp-block-group__inner-container is-layout-flow wp-block-group-is-layout-flow\">\n<h1 class=\"wp-block-heading has-text-align-left has-neve-text-color-color has-text-color\">Actividades y Servicios<\/h1>\n<\/div><\/div>\n\n\n\n<p class=\"has-text-align-left\"><mark style=\"background-color:rgba(0, 0, 0, 0)\" class=\"has-inline-color has-nv-dark-bg-color\">Aqu\u00ed puedes encontrar, dividido por \u00e1reas, tod<\/mark><mark style=\"background-color:rgba(0, 0, 0, 0)\" class=\"has-inline-color has-neve-text-color-color\">o los Servicios y Actividades que ofrece ASEBIER. Para recibir m\u00e1s informaci\u00f3n por favor contacta con nosotros en : <\/mark><strong><a href=\"mailto:info@asebier.org\" target=\"_blank\" rel=\"noreferrer noopener\"><mark style=\"background-color:rgba(0, 0, 0, 0)\" class=\"has-inline-color has-neve-link-hover-color-color\">info@asebier.org<\/mark><\/a><\/strong><mark style=\"background-color:rgba(0, 0, 0, 0)\" class=\"has-inline-color has-neve-text-color-color\"> o ll\u00e1manos al tel\u00e9fono <\/mark><strong><mark style=\"background-color:rgba(0, 0, 0, 0)\" class=\"has-inline-color has-neve-text-color-color\">68578236<\/mark><mark style=\"background-color:rgba(0, 0, 0, 0)\" class=\"has-inline-color has-nv-dark-bg-color\">5.<\/mark> <mark style=\"background-color:rgba(0, 0, 0, 0)\" class=\"has-inline-color has-neve-text-color-color\">Tambi\u00e9n puedes descargarte el programa completo <\/mark><mark style=\"background-color:rgba(0, 0, 0, 0)\" class=\"has-inline-color has-nv-dark-bg-color\">aq<\/mark><mark style=\"background-color:rgba(0, 0, 0, 0)\" class=\"has-inline-color has-neve-text-color-color\">u\u00ed:<\/mark>. De<\/strong><\/p>\n\n\n\n<div class=\"wp-block-buttons is-content-justification-center is-layout-flex wp-container-core-buttons-is-layout-16018d1d wp-block-buttons-is-layout-flex\">\n<div class=\"wp-block-button is-style-primary\"><a class=\"wp-block-button__link wp-element-button\" href=\"https:\/\/www.asebier.org\/wp-content\/uploads\/2023\/11\/ACTIVIDADES-Y-SERVICIOS-1-1.pdf\" target=\"_blank\" rel=\"noreferrer noopener\"> Programa completo<\/a><\/div>\n<\/div>\n<\/div><\/div>\n\n\n\n<div style=\"height:20px\" aria-hidden=\"true\" class=\"wp-block-spacer\"><\/div>\n\n\n\n<h2 class=\"wp-block-heading has-text-align-center\">Actividades y Servicios por \u00c1REAS<\/h2>\n\n\n\n<div class=\"wp-block-columns alignwide has-text-color has-background is-layout-flex wp-container-core-columns-is-layout-9d6595d7 wp-block-columns-is-layout-flex\" style=\"color:#000000;background-color:#ffffff\">\n<div class=\"wp-block-column is-vertically-aligned-top is-layout-flow wp-block-column-is-layout-flow\">\n<h3 class=\"wp-block-heading has-text-align-center\" style=\"font-size:24px;line-height:1.3\"><strong>PSICOL\u00d3GICA<\/strong><\/h3>\n\n\n\n<div class=\"wp-block-cover\"><span aria-hidden=\"true\" class=\"wp-block-cover__background has-background-dim\"><\/span><img fetchpriority=\"high\" decoding=\"async\" width=\"683\" height=\"1024\" class=\"wp-block-cover__image-background wp-image-912\" alt=\"\" src=\"https:\/\/app.asebier.org\/wp-content\/uploads\/2023\/11\/pexels-alex-green-5699486-683x1024.jpg\" data-object-fit=\"cover\" srcset=\"https:\/\/www.asebier.org\/wp-content\/uploads\/2023\/11\/pexels-alex-green-5699486-683x1024.jpg 683w, https:\/\/www.asebier.org\/wp-content\/uploads\/2023\/11\/pexels-alex-green-5699486-200x300.jpg 200w, https:\/\/www.asebier.org\/wp-content\/uploads\/2023\/11\/pexels-alex-green-5699486-768x1152.jpg 768w, https:\/\/www.asebier.org\/wp-content\/uploads\/2023\/11\/pexels-alex-green-5699486-1024x1536.jpg 1024w, https:\/\/www.asebier.org\/wp-content\/uploads\/2023\/11\/pexels-alex-green-5699486-1365x2048.jpg 1365w, https:\/\/www.asebier.org\/wp-content\/uploads\/2023\/11\/pexels-alex-green-5699486-scaled.jpg 1707w\" sizes=\"(max-width: 683px) 100vw, 683px\" \/><div class=\"wp-block-cover__inner-container is-layout-flow wp-block-cover-is-layout-flow\">\n<p class=\"has-text-align-center has-large-font-size\"><\/p>\n<\/div><\/div>\n\n\n\n<p><\/p>\n\n\n\n<p>Servicio profesional de apoyo y acompa\u00f1amiento a las personas con enfermedades raras y a sus familiares.<mark style=\"background-color:rgba(0, 0, 0, 0)\" class=\"has-inline-color has-nv-text-dark-bg-color\">KAKJDKJFKJKDJKJKAJKLSADJK<\/mark><\/p>\n\n\n\n<div class=\"wp-block-buttons is-content-justification-left is-layout-flex wp-container-core-buttons-is-layout-fdcfc74e wp-block-buttons-is-layout-flex\">\n<div class=\"wp-block-button is-style-primary\"><a class=\"wp-block-button__link has-text-align-center wp-element-button\" href=\"https:\/\/app.asebier.org\/?page_id=252\" target=\"_blank\" rel=\"noreferrer noopener\">\u00c1REA PSICOL\u00d3GICA<\/a><\/div>\n<\/div>\n<\/div>\n\n\n\n<div class=\"wp-block-column is-vertically-aligned-top is-layout-flow wp-block-column-is-layout-flow\">\n<h3 class=\"wp-block-heading has-text-align-center\" style=\"font-size:24px;line-height:1.3\"><strong>CAPACITACI\u00d3N<\/strong><\/h3>\n\n\n\n<div class=\"wp-block-cover\"><span aria-hidden=\"true\" class=\"wp-block-cover__background has-background-dim\"><\/span><img decoding=\"async\" width=\"1707\" height=\"2560\" class=\"wp-block-cover__image-background wp-image-926\" alt=\"\" src=\"https:\/\/app.asebier.org\/wp-content\/uploads\/2023\/11\/pexels-ketut-subiyanto-4473906-scaled.jpg\" data-object-fit=\"cover\" srcset=\"https:\/\/www.asebier.org\/wp-content\/uploads\/2023\/11\/pexels-ketut-subiyanto-4473906-scaled.jpg 1707w, https:\/\/www.asebier.org\/wp-content\/uploads\/2023\/11\/pexels-ketut-subiyanto-4473906-200x300.jpg 200w, https:\/\/www.asebier.org\/wp-content\/uploads\/2023\/11\/pexels-ketut-subiyanto-4473906-683x1024.jpg 683w, https:\/\/www.asebier.org\/wp-content\/uploads\/2023\/11\/pexels-ketut-subiyanto-4473906-768x1152.jpg 768w, https:\/\/www.asebier.org\/wp-content\/uploads\/2023\/11\/pexels-ketut-subiyanto-4473906-1024x1536.jpg 1024w, https:\/\/www.asebier.org\/wp-content\/uploads\/2023\/11\/pexels-ketut-subiyanto-4473906-1365x2048.jpg 1365w\" sizes=\"(max-width: 1707px) 100vw, 1707px\" \/><div class=\"wp-block-cover__inner-container is-layout-flow wp-block-cover-is-layout-flow\">\n<p class=\"has-text-align-center has-large-font-size\"><\/p>\n<\/div><\/div>\n\n\n\n<p><\/p>\n\n\n\n<p>Favorecemos el pleno desarrollo de una manera global e integral a las personas con enfermedades raras y a sus familias.<mark style=\"background-color:rgba(0, 0, 0, 0)\" class=\"has-inline-color has-nv-text-dark-bg-color\">JHJHJHJHJHJ<\/mark><\/p>\n\n\n\n<div class=\"wp-block-buttons is-content-justification-left is-layout-flex wp-container-core-buttons-is-layout-fdcfc74e wp-block-buttons-is-layout-flex\">\n<div class=\"wp-block-button is-style-primary\"><a class=\"wp-block-button__link wp-element-button\" href=\"https:\/\/app.asebier.org\/?page_id=1233\" target=\"_blank\" rel=\"noreferrer noopener\">\u00c1REA DE CAPACITACI\u00d3N<\/a><\/div>\n<\/div>\n<\/div>\n\n\n\n<div class=\"wp-block-column is-vertically-aligned-top is-layout-flow wp-block-column-is-layout-flow\">\n<h3 class=\"wp-block-heading has-text-align-center\" style=\"font-size:24px;line-height:1.3\">SENSIBILIZACI\u00d3N<\/h3>\n\n\n\n<div class=\"wp-block-cover\" style=\"min-height:430px;aspect-ratio:unset;\"><span aria-hidden=\"true\" class=\"wp-block-cover__background has-background-dim\"><\/span><img decoding=\"async\" width=\"1707\" height=\"2560\" class=\"wp-block-cover__image-background wp-image-939\" alt=\"\" src=\"https:\/\/app.asebier.org\/wp-content\/uploads\/2023\/11\/pexels-monstera-production-6621182-scaled.jpg\" data-object-fit=\"cover\" srcset=\"https:\/\/www.asebier.org\/wp-content\/uploads\/2023\/11\/pexels-monstera-production-6621182-scaled.jpg 1707w, https:\/\/www.asebier.org\/wp-content\/uploads\/2023\/11\/pexels-monstera-production-6621182-200x300.jpg 200w, https:\/\/www.asebier.org\/wp-content\/uploads\/2023\/11\/pexels-monstera-production-6621182-683x1024.jpg 683w, https:\/\/www.asebier.org\/wp-content\/uploads\/2023\/11\/pexels-monstera-production-6621182-768x1152.jpg 768w, https:\/\/www.asebier.org\/wp-content\/uploads\/2023\/11\/pexels-monstera-production-6621182-1024x1536.jpg 1024w, https:\/\/www.asebier.org\/wp-content\/uploads\/2023\/11\/pexels-monstera-production-6621182-1365x2048.jpg 1365w\" sizes=\"(max-width: 1707px) 100vw, 1707px\" \/><div class=\"wp-block-cover__inner-container is-layout-flow wp-block-cover-is-layout-flow\">\n<p class=\"has-text-align-center has-large-font-size\"><\/p>\n<\/div><\/div>\n\n\n\n<p><\/p>\n\n\n\n<p>Fomentamos la integraci\u00f3n social de las personas desarrollando acciones de formaci\u00f3n, prevenci\u00f3n, sensibilizaci\u00f3n y concienciaci\u00f3n. <mark style=\"background-color:rgba(0, 0, 0, 0)\" class=\"has-inline-color has-nv-text-dark-bg-color\">KJKJKJ<\/mark><\/p>\n\n\n\n<div class=\"wp-block-buttons is-content-justification-left is-layout-flex wp-container-core-buttons-is-layout-fdcfc74e wp-block-buttons-is-layout-flex\">\n<div class=\"wp-block-button is-style-primary\"><a class=\"wp-block-button__link wp-element-button\" href=\"https:\/\/app.asebier.org\/?page_id=1287\" target=\"_blank\" rel=\"noreferrer noopener\">\u00c1REA DE SENSIBILIZACI\u00d3N<\/a><\/div>\n<\/div>\n<\/div>\n<\/div>\n\n\n\n<div style=\"height:46px\" aria-hidden=\"true\" class=\"wp-block-spacer\"><\/div>\n\n\n\n<div class=\"wp-block-columns alignwide are-vertically-aligned-top has-text-color has-background is-layout-flex wp-container-core-columns-is-layout-9d6595d7 wp-block-columns-is-layout-flex\" style=\"color:#000000;background-color:#ffffff\">\n<div class=\"wp-block-column is-vertically-aligned-top is-layout-flow wp-block-column-is-layout-flow\">\n<h3 class=\"wp-block-heading has-text-align-center\" style=\"font-size:24px;line-height:1.3\"><strong>OCIO<\/strong><\/h3>\n\n\n\n<div class=\"wp-block-cover\"><span aria-hidden=\"true\" class=\"wp-block-cover__background has-background-dim\"><\/span><img loading=\"lazy\" decoding=\"async\" width=\"1707\" height=\"2560\" class=\"wp-block-cover__image-background wp-image-941\" alt=\"\" src=\"https:\/\/app.asebier.org\/wp-content\/uploads\/2023\/11\/pexels-mikhail-nilov-7699052-scaled.jpg\" data-object-fit=\"cover\" srcset=\"https:\/\/www.asebier.org\/wp-content\/uploads\/2023\/11\/pexels-mikhail-nilov-7699052-scaled.jpg 1707w, https:\/\/www.asebier.org\/wp-content\/uploads\/2023\/11\/pexels-mikhail-nilov-7699052-200x300.jpg 200w, https:\/\/www.asebier.org\/wp-content\/uploads\/2023\/11\/pexels-mikhail-nilov-7699052-683x1024.jpg 683w, https:\/\/www.asebier.org\/wp-content\/uploads\/2023\/11\/pexels-mikhail-nilov-7699052-768x1152.jpg 768w, https:\/\/www.asebier.org\/wp-content\/uploads\/2023\/11\/pexels-mikhail-nilov-7699052-1024x1536.jpg 1024w, https:\/\/www.asebier.org\/wp-content\/uploads\/2023\/11\/pexels-mikhail-nilov-7699052-1365x2048.jpg 1365w\" sizes=\"(max-width: 1707px) 100vw, 1707px\" \/><div class=\"wp-block-cover__inner-container is-layout-flow wp-block-cover-is-layout-flow\">\n<p class=\"has-text-align-center has-large-font-size\"><\/p>\n<\/div><\/div>\n\n\n\n<p><\/p>\n\n\n\n<p>Favorecemos la diversi\u00f3n y el entretenimiento. <\/p>\n\n\n\n<p><mark style=\"background-color:rgba(0, 0, 0, 0)\" class=\"has-inline-color has-nv-text-dark-bg-color\">KJKJKJKJKJKJKJKJKJKJKJKJKJKJKJKJKJKJKJKJ<\/mark><\/p>\n\n\n\n<div class=\"wp-block-buttons is-content-justification-left is-layout-flex wp-container-core-buttons-is-layout-45245d17 wp-block-buttons-is-layout-flex\">\n<div class=\"wp-block-button is-style-primary\"><a class=\"wp-block-button__link wp-element-button\" href=\"https:\/\/app.asebier.org\/?page_id=1291\" target=\"_blank\" rel=\"noreferrer noopener\">\u00c1REA DE OCIO<\/a><\/div>\n<\/div>\n<\/div>\n\n\n\n<div class=\"wp-block-column is-vertically-aligned-top is-layout-flow wp-block-column-is-layout-flow\">\n<h3 class=\"wp-block-heading has-text-align-center\" style=\"font-size:24px;line-height:1.3\"><strong>VOLUNTARIADO<\/strong><\/h3>\n\n\n\n<div class=\"wp-block-cover\"><span aria-hidden=\"true\" class=\"wp-block-cover__background has-background-dim\"><\/span><img loading=\"lazy\" decoding=\"async\" width=\"1707\" height=\"2560\" class=\"wp-block-cover__image-background wp-image-942\" alt=\"\" src=\"https:\/\/app.asebier.org\/wp-content\/uploads\/2023\/11\/pexels-liza-summer-6348129-scaled.jpg\" data-object-fit=\"cover\" srcset=\"https:\/\/www.asebier.org\/wp-content\/uploads\/2023\/11\/pexels-liza-summer-6348129-scaled.jpg 1707w, https:\/\/www.asebier.org\/wp-content\/uploads\/2023\/11\/pexels-liza-summer-6348129-200x300.jpg 200w, https:\/\/www.asebier.org\/wp-content\/uploads\/2023\/11\/pexels-liza-summer-6348129-683x1024.jpg 683w, https:\/\/www.asebier.org\/wp-content\/uploads\/2023\/11\/pexels-liza-summer-6348129-768x1152.jpg 768w, https:\/\/www.asebier.org\/wp-content\/uploads\/2023\/11\/pexels-liza-summer-6348129-1024x1536.jpg 1024w, https:\/\/www.asebier.org\/wp-content\/uploads\/2023\/11\/pexels-liza-summer-6348129-1365x2048.jpg 1365w\" sizes=\"(max-width: 1707px) 100vw, 1707px\" \/><div class=\"wp-block-cover__inner-container is-layout-flow wp-block-cover-is-layout-flow\">\n<p class=\"has-text-align-center has-large-font-size\"><\/p>\n<\/div><\/div>\n\n\n\n<p><\/p>\n\n\n\n<p>Ayudamos a crear un mundo mejor con acciones solidarias. <mark style=\"background-color:rgba(0, 0, 0, 0)\" class=\"has-inline-color has-nv-site-bg-color\">dffdfdfdfdfdfdfdfdfdfdfdfdfdfdfdfdfdfdd<\/mark><\/p>\n\n\n\n<div class=\"wp-block-buttons is-content-justification-left is-layout-flex wp-container-core-buttons-is-layout-45245d17 wp-block-buttons-is-layout-flex\">\n<div class=\"wp-block-button is-style-primary\"><a class=\"wp-block-button__link wp-element-button\" href=\"https:\/\/app.asebier.org\/?page_id=1294\" target=\"_blank\" rel=\"noreferrer noopener\">\u00c1REA DE VOLUNTARIADO<\/a><\/div>\n<\/div>\n<\/div>\n\n\n\n<div class=\"wp-block-column is-vertically-aligned-top is-layout-flow wp-block-column-is-layout-flow\">\n<h3 class=\"wp-block-heading has-text-align-center\" style=\"font-size:24px;line-height:1.3\"><strong>GESTI\u00d3N AVANZADA<\/strong><\/h3>\n\n\n\n<div class=\"wp-block-cover\" style=\"min-height:430px;aspect-ratio:unset;\"><span aria-hidden=\"true\" class=\"wp-block-cover__background has-background-dim\"><\/span><img loading=\"lazy\" decoding=\"async\" width=\"612\" height=\"371\" class=\"wp-block-cover__image-background wp-image-893\" alt=\"\" src=\"https:\/\/app.asebier.org\/wp-content\/uploads\/2023\/11\/istockphoto-1369661925-612x612-1.jpg\" data-object-fit=\"cover\" srcset=\"https:\/\/www.asebier.org\/wp-content\/uploads\/2023\/11\/istockphoto-1369661925-612x612-1.jpg 612w, https:\/\/www.asebier.org\/wp-content\/uploads\/2023\/11\/istockphoto-1369661925-612x612-1-300x182.jpg 300w\" sizes=\"(max-width: 612px) 100vw, 612px\" \/><div class=\"wp-block-cover__inner-container is-layout-flow wp-block-cover-is-layout-flow\">\n<p class=\"has-text-align-center has-large-font-size\"><\/p>\n<\/div><\/div>\n\n\n\n<p><\/p>\n\n\n\n<p>Mantenemos un compromiso con la calidad y la b\u00fasqueda de la mejora continua. <mark style=\"background-color:rgba(0, 0, 0, 0)\" class=\"has-inline-color has-nv-text-dark-bg-color\">fffffffffffffffffffffffffffffffffffffffffffffffffffff<\/mark><\/p>\n\n\n\n<div class=\"wp-block-buttons is-content-justification-left is-layout-flex wp-container-core-buttons-is-layout-45245d17 wp-block-buttons-is-layout-flex\">\n<div class=\"wp-block-button is-style-primary\"><a class=\"wp-block-button__link wp-element-button\" href=\"https:\/\/app.asebier.org\/?page_id=1446\" target=\"_blank\" rel=\"noreferrer noopener\">\u00c1REA DE GESTI\u00d3N AVANZADA<\/a><\/div>\n<\/div>\n<\/div>\n<\/div>\n\n\n\n<div style=\"height:139px\" aria-hidden=\"true\" class=\"wp-block-spacer\"><\/div>\n\n\n\n<div class=\"wp-block-group alignfull has-contrast-color has-text-color is-vertical is-content-justification-center is-layout-flex wp-container-core-group-is-layout-f1198d31 wp-block-group-is-layout-flex\" style=\"min-height:40vh;margin-top:0;margin-bottom:0;padding-top:var(--wp--preset--spacing--60);padding-right:var(--wp--preset--spacing--50);padding-bottom:var(--wp--preset--spacing--60);padding-left:var(--wp--preset--spacing--50)\"><div style=\"margin-bottom:6px;\" class=\"is-default-size aligncenter wp-block-site-logo\"><a href=\"https:\/\/www.asebier.org\/\" class=\"custom-logo-link\" rel=\"home\"><img loading=\"lazy\" decoding=\"async\" width=\"595\" height=\"420\" src=\"https:\/\/www.asebier.org\/wp-content\/uploads\/2023\/11\/logo_asebier.png\" class=\"custom-logo\" alt=\"ASEBIER\" srcset=\"https:\/\/www.asebier.org\/wp-content\/uploads\/2023\/11\/logo_asebier.png 595w, https:\/\/www.asebier.org\/wp-content\/uploads\/2023\/11\/logo_asebier-300x212.png 300w\" sizes=\"(max-width: 595px) 100vw, 595px\" \/><\/a><\/div>\n\n\n<div style=\"height:0px\" aria-hidden=\"true\" class=\"wp-block-spacer wp-container-content-071bc9c0\"><\/div>\n\n\n\n<ul class=\"wp-block-social-links has-normal-icon-size is-style-logos-only is-nowrap is-layout-flex wp-container-core-social-links-is-layout-53bee8aa wp-block-social-links-is-layout-flex\"><li class=\"wp-social-link wp-social-link-instagram  wp-block-social-link\"><a href=\"https:\/\/www.instagram.com\/asebier\/?hl=es\" class=\"wp-block-social-link-anchor\"><svg width=\"24\" height=\"24\" viewBox=\"0 0 24 24\" version=\"1.1\" xmlns=\"http:\/\/www.w3.org\/2000\/svg\" aria-hidden=\"true\" focusable=\"false\"><path d=\"M12,4.622c2.403,0,2.688,0.009,3.637,0.052c0.877,0.04,1.354,0.187,1.671,0.31c0.42,0.163,0.72,0.358,1.035,0.673 c0.315,0.315,0.51,0.615,0.673,1.035c0.123,0.317,0.27,0.794,0.31,1.671c0.043,0.949,0.052,1.234,0.052,3.637 s-0.009,2.688-0.052,3.637c-0.04,0.877-0.187,1.354-0.31,1.671c-0.163,0.42-0.358,0.72-0.673,1.035 c-0.315,0.315-0.615,0.51-1.035,0.673c-0.317,0.123-0.794,0.27-1.671,0.31c-0.949,0.043-1.233,0.052-3.637,0.052 s-2.688-0.009-3.637-0.052c-0.877-0.04-1.354-0.187-1.671-0.31c-0.42-0.163-0.72-0.358-1.035-0.673 c-0.315-0.315-0.51-0.615-0.673-1.035c-0.123-0.317-0.27-0.794-0.31-1.671C4.631,14.688,4.622,14.403,4.622,12 s0.009-2.688,0.052-3.637c0.04-0.877,0.187-1.354,0.31-1.671c0.163-0.42,0.358-0.72,0.673-1.035 c0.315-0.315,0.615-0.51,1.035-0.673c0.317-0.123,0.794-0.27,1.671-0.31C9.312,4.631,9.597,4.622,12,4.622 M12,3 C9.556,3,9.249,3.01,8.289,3.054C7.331,3.098,6.677,3.25,6.105,3.472C5.513,3.702,5.011,4.01,4.511,4.511 c-0.5,0.5-0.808,1.002-1.038,1.594C3.25,6.677,3.098,7.331,3.054,8.289C3.01,9.249,3,9.556,3,12c0,2.444,0.01,2.751,0.054,3.711 c0.044,0.958,0.196,1.612,0.418,2.185c0.23,0.592,0.538,1.094,1.038,1.594c0.5,0.5,1.002,0.808,1.594,1.038 c0.572,0.222,1.227,0.375,2.185,0.418C9.249,20.99,9.556,21,12,21s2.751-0.01,3.711-0.054c0.958-0.044,1.612-0.196,2.185-0.418 c0.592-0.23,1.094-0.538,1.594-1.038c0.5-0.5,0.808-1.002,1.038-1.594c0.222-0.572,0.375-1.227,0.418-2.185 C20.99,14.751,21,14.444,21,12s-0.01-2.751-0.054-3.711c-0.044-0.958-0.196-1.612-0.418-2.185c-0.23-0.592-0.538-1.094-1.038-1.594 c-0.5-0.5-1.002-0.808-1.594-1.038c-0.572-0.222-1.227-0.375-2.185-0.418C14.751,3.01,14.444,3,12,3L12,3z M12,7.378 c-2.552,0-4.622,2.069-4.622,4.622S9.448,16.622,12,16.622s4.622-2.069,4.622-4.622S14.552,7.378,12,7.378z M12,15 c-1.657,0-3-1.343-3-3s1.343-3,3-3s3,1.343,3,3S13.657,15,12,15z M16.804,6.116c-0.596,0-1.08,0.484-1.08,1.08 s0.484,1.08,1.08,1.08c0.596,0,1.08-0.484,1.08-1.08S17.401,6.116,16.804,6.116z\"><\/path><\/svg><span class=\"wp-block-social-link-label screen-reader-text\">Instagram<\/span><\/a><\/li>\n\n<li class=\"wp-social-link wp-social-link-facebook  wp-block-social-link\"><a href=\"https:\/\/www.facebook.com\/ASEBIER\/?locale=es_ES\" class=\"wp-block-social-link-anchor\"><svg width=\"24\" height=\"24\" viewBox=\"0 0 24 24\" version=\"1.1\" xmlns=\"http:\/\/www.w3.org\/2000\/svg\" aria-hidden=\"true\" focusable=\"false\"><path d=\"M12 2C6.5 2 2 6.5 2 12c0 5 3.7 9.1 8.4 9.9v-7H7.9V12h2.5V9.8c0-2.5 1.5-3.9 3.8-3.9 1.1 0 2.2.2 2.2.2v2.5h-1.3c-1.2 0-1.6.8-1.6 1.6V12h2.8l-.4 2.9h-2.3v7C18.3 21.1 22 17 22 12c0-5.5-4.5-10-10-10z\"><\/path><\/svg><span class=\"wp-block-social-link-label screen-reader-text\">Facebook<\/span><\/a><\/li>\n\n<li class=\"wp-social-link wp-social-link-youtube  wp-block-social-link\"><a href=\"https:\/\/www.youtube.com\/user\/asebibizkaia\" class=\"wp-block-social-link-anchor\"><svg width=\"24\" height=\"24\" viewBox=\"0 0 24 24\" version=\"1.1\" xmlns=\"http:\/\/www.w3.org\/2000\/svg\" aria-hidden=\"true\" focusable=\"false\"><path d=\"M21.8,8.001c0,0-0.195-1.378-0.795-1.985c-0.76-0.797-1.613-0.801-2.004-0.847c-2.799-0.202-6.997-0.202-6.997-0.202 h-0.009c0,0-4.198,0-6.997,0.202C4.608,5.216,3.756,5.22,2.995,6.016C2.395,6.623,2.2,8.001,2.2,8.001S2,9.62,2,11.238v1.517 c0,1.618,0.2,3.237,0.2,3.237s0.195,1.378,0.795,1.985c0.761,0.797,1.76,0.771,2.205,0.855c1.6,0.153,6.8,0.201,6.8,0.201 s4.203-0.006,7.001-0.209c0.391-0.047,1.243-0.051,2.004-0.847c0.6-0.607,0.795-1.985,0.795-1.985s0.2-1.618,0.2-3.237v-1.517 C22,9.62,21.8,8.001,21.8,8.001z M9.935,14.594l-0.001-5.62l5.404,2.82L9.935,14.594z\"><\/path><\/svg><span class=\"wp-block-social-link-label screen-reader-text\">YouTube<\/span><\/a><\/li>\n\n<li class=\"wp-social-link wp-social-link-x  wp-block-social-link\"><a href=\"https:\/\/twitter.com\/asebier?lang=es\" class=\"wp-block-social-link-anchor\"><svg width=\"24\" height=\"24\" viewBox=\"0 0 24 24\" version=\"1.1\" xmlns=\"http:\/\/www.w3.org\/2000\/svg\" aria-hidden=\"true\" focusable=\"false\"><path d=\"M13.982 10.622 20.54 3h-1.554l-5.693 6.618L8.745 3H3.5l6.876 10.007L3.5 21h1.554l6.012-6.989L15.868 21h5.245l-7.131-10.378Zm-2.128 2.474-.697-.997-5.543-7.93H8l4.474 6.4.697.996 5.815 8.318h-2.387l-4.745-6.787Z\" \/><\/svg><span class=\"wp-block-social-link-label screen-reader-text\">X<\/span><\/a><\/li><\/ul>\n\n\n\n<p class=\"has-text-align-left\"><\/p>\n\n\n\n<p class=\"has-text-align-left\">       <\/p>\n<\/div>\n","protected":false},"excerpt":{"rendered":"<p>Actividades y Servicios por \u00c1REAS PSICOL\u00d3GICA Servicio profesional de apoyo y acompa\u00f1amiento a las personas con enfermedades raras y a sus familiares.KAKJDKJFKJKDJKJKAJKLSADJK CAPACITACI\u00d3N Favorecemos el pleno desarrollo de una manera&hellip;&nbsp;<a href=\"https:\/\/www.asebier.org\/?page_id=18\" class=\"\" rel=\"bookmark\">Leer m\u00e1s &raquo;<span class=\"screen-reader-text\">Porfolio<\/span><\/a><\/p>\n","protected":false},"author":2,"featured_media":0,"parent":0,"menu_order":0,"comment_status":"closed","ping_status":"closed","template":"","meta":{"neve_meta_sidebar":"","neve_meta_container":"","neve_meta_enable_content_width":"","neve_meta_content_width":0,"neve_meta_title_alignment":"","neve_meta_author_avatar":"","neve_post_elements_order":"","neve_meta_disable_header":"","neve_meta_disable_footer":"","neve_meta_disable_title":"on","footnotes":""},"class_list":["post-18","page","type-page","status-publish","hentry"],"yoast_head":"<!-- This site is optimized with the Yoast SEO plugin v27.5 - https:\/\/yoast.com\/product\/yoast-seo-wordpress\/ -->\n<title>Porfolio - ASEBIER<\/title>\n<meta name=\"robots\" content=\"index, follow, max-snippet:-1, max-image-preview:large, max-video-preview:-1\" \/>\n<link rel=\"canonical\" href=\"https:\/\/www.asebier.org\/?page_id=18\" \/>\n<meta property=\"og:locale\" content=\"es_ES\" \/>\n<meta property=\"og:type\" content=\"article\" \/>\n<meta property=\"og:title\" content=\"Porfolio - ASEBIER\" \/>\n<meta property=\"og:description\" content=\"Actividades y Servicios por \u00c1REAS PSICOL\u00d3GICA Servicio profesional de apoyo y acompa\u00f1amiento a las personas con enfermedades raras y a sus familiares.KAKJDKJFKJKDJKJKAJKLSADJK CAPACITACI\u00d3N Favorecemos el pleno desarrollo de una manera&hellip;&nbsp;Leer m\u00e1s &raquo;Porfolio\" \/>\n<meta property=\"og:url\" content=\"https:\/\/www.asebier.org\/?page_id=18\" \/>\n<meta property=\"og:site_name\" content=\"ASEBIER\" \/>\n<meta property=\"article:modified_time\" content=\"2023-11-27T14:53:02+00:00\" \/>\n<meta property=\"og:image\" content=\"https:\/\/app.asebier.org\/wp-content\/uploads\/2023\/11\/pexels-alex-green-5699486-683x1024.jpg\" \/>\n<meta name=\"twitter:card\" content=\"summary_large_image\" \/>\n<meta name=\"twitter:label1\" content=\"Tiempo de lectura\" \/>\n\t<meta name=\"twitter:data1\" content=\"2 minutos\" \/>\n<script type=\"application\/ld+json\" class=\"yoast-schema-graph\">{\"@context\":\"https:\\\/\\\/schema.org\",\"@graph\":[{\"@type\":\"WebPage\",\"@id\":\"https:\\\/\\\/www.asebier.org\\\/?page_id=18\",\"url\":\"https:\\\/\\\/www.asebier.org\\\/?page_id=18\",\"name\":\"Porfolio - ASEBIER\",\"isPartOf\":{\"@id\":\"https:\\\/\\\/www.asebier.org\\\/#website\"},\"primaryImageOfPage\":{\"@id\":\"https:\\\/\\\/www.asebier.org\\\/?page_id=18#primaryimage\"},\"image\":{\"@id\":\"https:\\\/\\\/www.asebier.org\\\/?page_id=18#primaryimage\"},\"thumbnailUrl\":\"https:\\\/\\\/app.asebier.org\\\/wp-content\\\/uploads\\\/2023\\\/11\\\/pexels-alex-green-5699486-683x1024.jpg\",\"datePublished\":\"2023-09-29T14:08:51+00:00\",\"dateModified\":\"2023-11-27T14:53:02+00:00\",\"breadcrumb\":{\"@id\":\"https:\\\/\\\/www.asebier.org\\\/?page_id=18#breadcrumb\"},\"inLanguage\":\"es\",\"potentialAction\":[{\"@type\":\"ReadAction\",\"target\":[\"https:\\\/\\\/www.asebier.org\\\/?page_id=18\"]}]},{\"@type\":\"ImageObject\",\"inLanguage\":\"es\",\"@id\":\"https:\\\/\\\/www.asebier.org\\\/?page_id=18#primaryimage\",\"url\":\"https:\\\/\\\/app.asebier.org\\\/wp-content\\\/uploads\\\/2023\\\/11\\\/pexels-alex-green-5699486-683x1024.jpg\",\"contentUrl\":\"https:\\\/\\\/app.asebier.org\\\/wp-content\\\/uploads\\\/2023\\\/11\\\/pexels-alex-green-5699486-683x1024.jpg\"},{\"@type\":\"BreadcrumbList\",\"@id\":\"https:\\\/\\\/www.asebier.org\\\/?page_id=18#breadcrumb\",\"itemListElement\":[{\"@type\":\"ListItem\",\"position\":1,\"name\":\"Portada\",\"item\":\"https:\\\/\\\/www.asebier.org\\\/\"},{\"@type\":\"ListItem\",\"position\":2,\"name\":\"Porfolio\"}]},{\"@type\":\"WebSite\",\"@id\":\"https:\\\/\\\/www.asebier.org\\\/#website\",\"url\":\"https:\\\/\\\/www.asebier.org\\\/\",\"name\":\"ASEBIER\",\"description\":\"Asociaci\u00f3n Euskadi Elkartea Enfermedades Raras EBH\",\"publisher\":{\"@id\":\"https:\\\/\\\/www.asebier.org\\\/#organization\"},\"potentialAction\":[{\"@type\":\"SearchAction\",\"target\":{\"@type\":\"EntryPoint\",\"urlTemplate\":\"https:\\\/\\\/www.asebier.org\\\/?s={search_term_string}\"},\"query-input\":{\"@type\":\"PropertyValueSpecification\",\"valueRequired\":true,\"valueName\":\"search_term_string\"}}],\"inLanguage\":\"es\"},{\"@type\":\"Organization\",\"@id\":\"https:\\\/\\\/www.asebier.org\\\/#organization\",\"name\":\"ASEBIER\",\"url\":\"https:\\\/\\\/www.asebier.org\\\/\",\"logo\":{\"@type\":\"ImageObject\",\"inLanguage\":\"es\",\"@id\":\"https:\\\/\\\/www.asebier.org\\\/#\\\/schema\\\/logo\\\/image\\\/\",\"url\":\"https:\\\/\\\/www.asebier.org\\\/wp-content\\\/uploads\\\/2023\\\/11\\\/logo_asebier.png\",\"contentUrl\":\"https:\\\/\\\/www.asebier.org\\\/wp-content\\\/uploads\\\/2023\\\/11\\\/logo_asebier.png\",\"width\":595,\"height\":420,\"caption\":\"ASEBIER\"},\"image\":{\"@id\":\"https:\\\/\\\/www.asebier.org\\\/#\\\/schema\\\/logo\\\/image\\\/\"}}]}<\/script>\n<!-- \/ Yoast SEO plugin. -->","yoast_head_json":{"title":"Porfolio - ASEBIER","robots":{"index":"index","follow":"follow","max-snippet":"max-snippet:-1","max-image-preview":"max-image-preview:large","max-video-preview":"max-video-preview:-1"},"canonical":"https:\/\/www.asebier.org\/?page_id=18","og_locale":"es_ES","og_type":"article","og_title":"Porfolio - ASEBIER","og_description":"Actividades y Servicios por \u00c1REAS PSICOL\u00d3GICA Servicio profesional de apoyo y acompa\u00f1amiento a las personas con enfermedades raras y a sus familiares.KAKJDKJFKJKDJKJKAJKLSADJK CAPACITACI\u00d3N Favorecemos el pleno desarrollo de una manera&hellip;&nbsp;Leer m\u00e1s &raquo;Porfolio","og_url":"https:\/\/www.asebier.org\/?page_id=18","og_site_name":"ASEBIER","article_modified_time":"2023-11-27T14:53:02+00:00","og_image":[{"url":"https:\/\/app.asebier.org\/wp-content\/uploads\/2023\/11\/pexels-alex-green-5699486-683x1024.jpg","type":"","width":"","height":""}],"twitter_card":"summary_large_image","twitter_misc":{"Tiempo de lectura":"2 minutos"},"schema":{"@context":"https:\/\/schema.org","@graph":[{"@type":"WebPage","@id":"https:\/\/www.asebier.org\/?page_id=18","url":"https:\/\/www.asebier.org\/?page_id=18","name":"Porfolio - ASEBIER","isPartOf":{"@id":"https:\/\/www.asebier.org\/#website"},"primaryImageOfPage":{"@id":"https:\/\/www.asebier.org\/?page_id=18#primaryimage"},"image":{"@id":"https:\/\/www.asebier.org\/?page_id=18#primaryimage"},"thumbnailUrl":"https:\/\/app.asebier.org\/wp-content\/uploads\/2023\/11\/pexels-alex-green-5699486-683x1024.jpg","datePublished":"2023-09-29T14:08:51+00:00","dateModified":"2023-11-27T14:53:02+00:00","breadcrumb":{"@id":"https:\/\/www.asebier.org\/?page_id=18#breadcrumb"},"inLanguage":"es","potentialAction":[{"@type":"ReadAction","target":["https:\/\/www.asebier.org\/?page_id=18"]}]},{"@type":"ImageObject","inLanguage":"es","@id":"https:\/\/www.asebier.org\/?page_id=18#primaryimage","url":"https:\/\/app.asebier.org\/wp-content\/uploads\/2023\/11\/pexels-alex-green-5699486-683x1024.jpg","contentUrl":"https:\/\/app.asebier.org\/wp-content\/uploads\/2023\/11\/pexels-alex-green-5699486-683x1024.jpg"},{"@type":"BreadcrumbList","@id":"https:\/\/www.asebier.org\/?page_id=18#breadcrumb","itemListElement":[{"@type":"ListItem","position":1,"name":"Portada","item":"https:\/\/www.asebier.org\/"},{"@type":"ListItem","position":2,"name":"Porfolio"}]},{"@type":"WebSite","@id":"https:\/\/www.asebier.org\/#website","url":"https:\/\/www.asebier.org\/","name":"ASEBIER","description":"Asociaci\u00f3n Euskadi Elkartea Enfermedades Raras EBH","publisher":{"@id":"https:\/\/www.asebier.org\/#organization"},"potentialAction":[{"@type":"SearchAction","target":{"@type":"EntryPoint","urlTemplate":"https:\/\/www.asebier.org\/?s={search_term_string}"},"query-input":{"@type":"PropertyValueSpecification","valueRequired":true,"valueName":"search_term_string"}}],"inLanguage":"es"},{"@type":"Organization","@id":"https:\/\/www.asebier.org\/#organization","name":"ASEBIER","url":"https:\/\/www.asebier.org\/","logo":{"@type":"ImageObject","inLanguage":"es","@id":"https:\/\/www.asebier.org\/#\/schema\/logo\/image\/","url":"https:\/\/www.asebier.org\/wp-content\/uploads\/2023\/11\/logo_asebier.png","contentUrl":"https:\/\/www.asebier.org\/wp-content\/uploads\/2023\/11\/logo_asebier.png","width":595,"height":420,"caption":"ASEBIER"},"image":{"@id":"https:\/\/www.asebier.org\/#\/schema\/logo\/image\/"}}]}},"_links":{"self":[{"href":"https:\/\/www.asebier.org\/index.php?rest_route=\/wp\/v2\/pages\/18","targetHints":{"allow":["GET"]}}],"collection":[{"href":"https:\/\/www.asebier.org\/index.php?rest_route=\/wp\/v2\/pages"}],"about":[{"href":"https:\/\/www.asebier.org\/index.php?rest_route=\/wp\/v2\/types\/page"}],"author":[{"embeddable":true,"href":"https:\/\/www.asebier.org\/index.php?rest_route=\/wp\/v2\/users\/2"}],"replies":[{"embeddable":true,"href":"https:\/\/www.asebier.org\/index.php?rest_route=%2Fwp%2Fv2%2Fcomments&post=18"}],"version-history":[{"count":100,"href":"https:\/\/www.asebier.org\/index.php?rest_route=\/wp\/v2\/pages\/18\/revisions"}],"predecessor-version":[{"id":1503,"href":"https:\/\/www.asebier.org\/index.php?rest_route=\/wp\/v2\/pages\/18\/revisions\/1503"}],"wp:attachment":[{"href":"https:\/\/www.asebier.org\/index.php?rest_route=%2Fwp%2Fv2%2Fmedia&parent=18"}],"curies":[{"name":"wp","href":"https:\/\/api.w.org\/{rel}","templated":true}]}}