{"id":1287,"date":"2023-11-16T13:56:18","date_gmt":"2023-11-16T13:56:18","guid":{"rendered":"https:\/\/app.asebier.org\/?page_id=1287"},"modified":"2023-11-16T18:40:28","modified_gmt":"2023-11-16T18:40:28","slug":"area-de-sensibilizacion","status":"publish","type":"page","link":"https:\/\/www.asebier.org\/?page_id=1287","title":{"rendered":"\u00c1rea de Sensibilizaci\u00f3n"},"content":{"rendered":"\n<div class=\"wp-block-cover alignwide\" style=\"min-height:500px;aspect-ratio:unset;\"><span aria-hidden=\"true\" class=\"wp-block-cover__background has-nv-light-bg-background-color has-background-dim-80 has-background-dim\"><\/span><img decoding=\"async\" class=\"wp-block-cover__image-background\" alt=\"\" src=\"https:\/\/app.asebier.org\/wp-content\/themes\/neve\/assets\/img\/patterns\/neve-patterns-18.jpg\" style=\"object-position:16% 91%\" data-object-fit=\"cover\" data-object-position=\"16% 91%\"\/><div class=\"wp-block-cover__inner-container is-layout-flow wp-block-cover-is-layout-flow\">\n<div style=\"height:18px\" aria-hidden=\"true\" class=\"wp-block-spacer\"><\/div>\n\n\n\n<h2 class=\"wp-block-heading has-text-align-center\"><mark style=\"background-color:rgba(0, 0, 0, 0)\" class=\"has-inline-color has-nv-dark-bg-color\">JORNADAS<\/mark><\/h2>\n\n\n\n<div style=\"height:18px\" aria-hidden=\"true\" class=\"wp-block-spacer\"><\/div>\n\n\n\n<div class=\"wp-block-columns is-layout-flex wp-container-core-columns-is-layout-9d6595d7 wp-block-columns-is-layout-flex\">\n<div class=\"wp-block-column is-layout-flow wp-block-column-is-layout-flow\">\n<h3 class=\"wp-block-heading has-text-align-center\"><mark style=\"background-color:rgba(0, 0, 0, 0)\" class=\"has-inline-color has-nv-dark-bg-color\">MUNICIPIOS<\/mark><\/h3>\n\n\n\n<p><mark style=\"background-color:rgba(0, 0, 0, 0)\" class=\"has-inline-color has-nv-dark-bg-color\">Son las jornadas que realizamos en los diferentes municipios. Siempre se coloca una Mesa Informativa con la finalidad de:<\/mark><\/p>\n\n\n\n<p><mark style=\"background-color:rgba(0, 0, 0, 0)\" class=\"has-inline-color has-nv-dark-bg-color\">1- Facilitar informaci\u00f3n sobra la labor que desempe\u00f1a la asociaci\u00f3n, sensibilizar e informar sobre las ER y los proyectos y programas que se est\u00e1n llevando a cabo.<\/mark><\/p>\n\n\n\n<p><mark style=\"background-color:rgba(0, 0, 0, 0)\" class=\"has-inline-color has-nv-dark-bg-color\">2- Realizar actividades que tienen como principal objetivo sensibilizar y dar a conocer nuestro proyecto de intervenci\u00f3n educativa.<\/mark><\/p>\n\n\n\n<p> <\/p>\n\n\n\n<div style=\"height:153px\" aria-hidden=\"true\" class=\"wp-block-spacer\"><\/div>\n\n\n\n<p><\/p>\n\n\n\n<p><\/p>\n\n\n\n<figure class=\"wp-block-image size-large\"><img fetchpriority=\"high\" decoding=\"async\" width=\"1024\" height=\"681\" src=\"https:\/\/app.asebier.org\/wp-content\/uploads\/2023\/11\/ASEBIER-FIESTA-SENSIBILIZACION-2_5-1024x681.jpg\" alt=\"\" class=\"wp-image-1396\" srcset=\"https:\/\/www.asebier.org\/wp-content\/uploads\/2023\/11\/ASEBIER-FIESTA-SENSIBILIZACION-2_5-1024x681.jpg 1024w, https:\/\/www.asebier.org\/wp-content\/uploads\/2023\/11\/ASEBIER-FIESTA-SENSIBILIZACION-2_5-300x200.jpg 300w, https:\/\/www.asebier.org\/wp-content\/uploads\/2023\/11\/ASEBIER-FIESTA-SENSIBILIZACION-2_5-768x511.jpg 768w, https:\/\/www.asebier.org\/wp-content\/uploads\/2023\/11\/ASEBIER-FIESTA-SENSIBILIZACION-2_5-1536x1022.jpg 1536w, https:\/\/www.asebier.org\/wp-content\/uploads\/2023\/11\/ASEBIER-FIESTA-SENSIBILIZACION-2_5-2048x1363.jpg 2048w\" sizes=\"(max-width: 1024px) 100vw, 1024px\" \/><\/figure>\n<\/div>\n\n\n\n<div class=\"wp-block-column is-layout-flow wp-block-column-is-layout-flow\">\n<h3 class=\"wp-block-heading has-text-align-center\"><mark style=\"background-color:rgba(0, 0, 0, 0)\" class=\"has-inline-color has-nv-dark-bg-color\">CIENTIFICAS<\/mark><\/h3>\n\n\n\n<p><mark style=\"background-color:rgba(0, 0, 0, 0)\" class=\"has-inline-color has-nv-dark-bg-color\">Estas jornadas buscan sensibilizar, formar e<br>informar a las personas afectadas por una<br>enfermedad rara o enfermedad poco<br>frecuente y sus familias, as\u00ed como al resto<br>de la sociedad, de todos los avances que<br>se est\u00e1n realizando en los diferentes<br>\u00e1mbitos como pueden ser m\u00e9dicos,<br>sociales, educativos, laborales, jur\u00eddicos\u2026y<br>facilitar el conocimiento y se\u00f1alar los<br>recursos que tienen a disposici\u00f3n en los diferentes \u00e1mbitos:<\/mark><\/p>\n\n\n\n<p><mark style=\"background-color:rgba(0, 0, 0, 0)\" class=\"has-inline-color has-nv-dark-bg-color\">Los objetivos del encuentro son: DIFUNDIR,<br>CREAR, MOSTRAR, FORMAR, APOYAR,<br>FAVORECER Y DAR A CONOCER las<br>enfermedades raras.<\/mark><\/p>\n\n\n\n<div style=\"height:70px\" aria-hidden=\"true\" class=\"wp-block-spacer\"><\/div>\n\n\n\n<figure class=\"wp-block-image size-large\"><img decoding=\"async\" width=\"1024\" height=\"681\" src=\"https:\/\/app.asebier.org\/wp-content\/uploads\/2023\/11\/NZ60039-1024x681.jpg\" alt=\"\" class=\"wp-image-1393\" srcset=\"https:\/\/www.asebier.org\/wp-content\/uploads\/2023\/11\/NZ60039-1024x681.jpg 1024w, https:\/\/www.asebier.org\/wp-content\/uploads\/2023\/11\/NZ60039-300x200.jpg 300w, https:\/\/www.asebier.org\/wp-content\/uploads\/2023\/11\/NZ60039-768x511.jpg 768w, https:\/\/www.asebier.org\/wp-content\/uploads\/2023\/11\/NZ60039-1536x1022.jpg 1536w, https:\/\/www.asebier.org\/wp-content\/uploads\/2023\/11\/NZ60039-2048x1363.jpg 2048w\" sizes=\"(max-width: 1024px) 100vw, 1024px\" \/><\/figure>\n<\/div>\n\n\n\n<div class=\"wp-block-column is-layout-flow wp-block-column-is-layout-flow\">\n<h3 class=\"wp-block-heading has-text-align-center\"><mark style=\"background-color:rgba(0, 0, 0, 0)\" class=\"has-inline-color has-nv-dark-bg-color\">FIESTA DE INTEGRACI\u00d3N<\/mark><\/h3>\n\n\n\n<p><mark style=\"background-color:rgba(0, 0, 0, 0)\" class=\"has-inline-color has-nv-dark-bg-color\">El objetivo es sensibilizar, informar y<br>orientar a la sociedad sobre las<br>Enfermedades Raras. ASEBIER promueve<br>actividades de sensibilizaci\u00f3n hacia la<br>comunidad de car\u00e1cter l\u00fadico-cultural<br>implicando a Instituciones p\u00fablicas y<br>privadas, empresas y organismos de<br>car\u00e1cter social<\/mark><\/p>\n\n\n\n<p><mark style=\"background-color:rgba(0, 0, 0, 0)\" class=\"has-inline-color has-nv-dark-bg-color\">Se realizan actividades participativas y<br>l\u00fadicas donde poder seguir<br>compartiendo espacio entre personas<br>con ER y poblaci\u00f3n en general (pesca ,<br>discofesta, manualidades, taller de<br>dibujos, Euskoboxa, Herri Kirolak\u2026)<\/mark><\/p>\n\n\n\n<div style=\"height:70px\" aria-hidden=\"true\" class=\"wp-block-spacer\"><\/div>\n\n\n\n<p><\/p>\n\n\n\n<figure class=\"wp-block-image size-large\"><img decoding=\"async\" width=\"1024\" height=\"681\" src=\"https:\/\/app.asebier.org\/wp-content\/uploads\/2023\/11\/ASEBIER-FIESTA-SENSIBILIZACION_22-1024x681.jpg\" alt=\"\" class=\"wp-image-1394\" srcset=\"https:\/\/www.asebier.org\/wp-content\/uploads\/2023\/11\/ASEBIER-FIESTA-SENSIBILIZACION_22-1024x681.jpg 1024w, https:\/\/www.asebier.org\/wp-content\/uploads\/2023\/11\/ASEBIER-FIESTA-SENSIBILIZACION_22-300x200.jpg 300w, https:\/\/www.asebier.org\/wp-content\/uploads\/2023\/11\/ASEBIER-FIESTA-SENSIBILIZACION_22-768x511.jpg 768w, https:\/\/www.asebier.org\/wp-content\/uploads\/2023\/11\/ASEBIER-FIESTA-SENSIBILIZACION_22-1536x1022.jpg 1536w, https:\/\/www.asebier.org\/wp-content\/uploads\/2023\/11\/ASEBIER-FIESTA-SENSIBILIZACION_22-2048x1363.jpg 2048w\" sizes=\"(max-width: 1024px) 100vw, 1024px\" \/><\/figure>\n<\/div>\n<\/div>\n\n\n\n<div style=\"height:28px\" aria-hidden=\"true\" class=\"wp-block-spacer\"><\/div>\n\n\n\n<div style=\"height:0px\" aria-hidden=\"true\" class=\"wp-block-spacer\"><\/div>\n<\/div><\/div>\n\n\n\n<div style=\"height:96px\" aria-hidden=\"true\" class=\"wp-block-spacer\"><\/div>\n\n\n\n<h3 class=\"wp-block-heading has-text-align-center\">ER ESKOLA<\/h3>\n\n\n\n<p>Este programa dirigido a las escuelas ayuda a favorecer el desarrollo de valores como respeto mutuo y equidad y aplicarlos a todos los \u00e1mbitos de la vida cotidiana, contribuyendo a potenciar la inclusi\u00f3n y la no discriminaci\u00f3n de las personas con diversidad funcional. Fomentar el compromiso personal de los centros edUcativos-formativos en la programaci\u00f3n de actividades relacionadas con la sensibilizaci\u00f3n e informaci\u00f3n de las Enfermedades Raras y Diversidad Funcional.<\/p>\n\n\n<div class=\"wp-block-image\">\n<figure class=\"aligncenter size-large is-resized\"><img loading=\"lazy\" decoding=\"async\" width=\"1024\" height=\"461\" src=\"https:\/\/app.asebier.org\/wp-content\/uploads\/2023\/11\/imagen_FEDERITO.docx-1024x461.png\" alt=\"\" class=\"wp-image-1464\" style=\"width:367px;height:auto\" srcset=\"https:\/\/www.asebier.org\/wp-content\/uploads\/2023\/11\/imagen_FEDERITO.docx-1024x461.png 1024w, https:\/\/www.asebier.org\/wp-content\/uploads\/2023\/11\/imagen_FEDERITO.docx-300x135.png 300w, https:\/\/www.asebier.org\/wp-content\/uploads\/2023\/11\/imagen_FEDERITO.docx-768x346.png 768w, https:\/\/www.asebier.org\/wp-content\/uploads\/2023\/11\/imagen_FEDERITO.docx-1536x691.png 1536w, https:\/\/www.asebier.org\/wp-content\/uploads\/2023\/11\/imagen_FEDERITO.docx.png 1696w\" sizes=\"(max-width: 1024px) 100vw, 1024px\" \/><\/figure>\n<\/div>\n\n\n<div style=\"height:96px\" aria-hidden=\"true\" class=\"wp-block-spacer\"><\/div>\n\n\n\n<div class=\"wp-block-columns is-layout-flex wp-container-core-columns-is-layout-9d6595d7 wp-block-columns-is-layout-flex\">\n<div class=\"wp-block-column is-layout-flow wp-block-column-is-layout-flow\">\n<h3 class=\"wp-block-heading has-text-align-center\">DIN\u00c1MICA ALUMNADO INFANTIL<\/h3>\n\n\n\n<p>Lectura f\u00e1cil <strong>\u201cCuento de Federito\u201d<\/strong>: Tiene el objetivo de concienciar sobre la diversidad en<br>el aula y la importancia de respetarse los\/as unos\/as a los\/as otros\/as. <\/p>\n\n\n\n<p><strong>\u201cEn busca de los Tr\u00e9boles<\/strong>\u201d: Tiene como  bjetivo concienciar al alumnado de una forma visual de la realidad de las personas con enfermedades raras. <\/p>\n\n\n\n<p><strong>\u201cColoreando en la diversidad\u201d y \u201cLa corona<br>de tr\u00e9boles\u201d<\/strong>: Tiene como objetivo hacer llegar al alumnado que en la diversidad y en lo que consideramos socialmente diferente, es lo que nos hace \u00fanicos<\/p>\n<\/div>\n\n\n\n<div class=\"wp-block-column is-layout-flow wp-block-column-is-layout-flow\">\n<h3 class=\"wp-block-heading has-text-align-center\">DIN\u00c1MICA ALUMNADO PRIMARIA<\/h3>\n\n\n\n<p>\u201c<strong>Diferentes y a la vez iguales\u201d y \u201cCuento<br>de Federito\u201d<\/strong>: Tiene el objetivo de concienciar sobre la diversidad en el aula y la importancia de respetarse los\/as unos\/as a los\/as otros\/as. <\/p>\n\n\n\n<p><strong>\u201cLa aleta de Nemo\u201d <\/strong>Pretende trabajar la  igualdad de oportunidades. Para ello, se crear\u00e1 el concepto de igualdad a partir de una historia. <\/p>\n\n\n\n<p><strong>\u201cPonte en mi lugar\u201d <\/strong>Tiene el objetivo de concienciar al alumnado de que todos\/as son capaces y que solo necesitan ayuda o hacerlo de manera diferente. <\/p>\n\n\n\n<p><strong>\u201cKahoot\u201d <\/strong>Tiene como objetivo ir explicando las enfermedades raras y sus problem\u00e1ticas, de una forma din\u00e1mica.<\/p>\n<\/div>\n\n\n\n<div class=\"wp-block-column is-layout-flow wp-block-column-is-layout-flow\">\n<h3 class=\"wp-block-heading has-text-align-center\">DIN\u00c1MICA ALUMNADO SECUNDARIA, BACHILLER Y FP<\/h3>\n\n\n\n<p><strong>\u00abTienes 2 minutos para\u2026\u201d<\/strong>: Tiene el objetivo de  concienciar sobre las posibilidades reales de realizaci\u00f3n de actividades cotidianas por parte de las diferentes personas teniendo en cuenta sus caracter\u00edsticas particulares. <\/p>\n\n\n\n<p><strong>\u201cKahoot\u201d<\/strong> Tiene como objetivo ir explicando las enfermedades raras y sus problem\u00e1ticas, de una forma din\u00e1mica. <\/p>\n\n\n\n<p><strong>\u201cCalidad de vida\u201d<\/strong> Se pretende empatizar con la persona con discapacidad f\u00edsica mediante la reflexi\u00f3n sobre las oportunidades para la autodeterminaci\u00f3n en el contexto familiar, educativo-formativo y\/ o social. <\/p>\n\n\n\n<p><strong>\u201cAdecuado vs inadecuado\u201d<\/strong> Tiene como objetivo conocer la terminolog\u00eda y las conductas adecuadas. <\/p>\n<\/div>\n<\/div>\n\n\n\n<div class=\"wp-block-group alignfull has-contrast-color has-text-color is-vertical is-content-justification-center is-layout-flex wp-container-core-group-is-layout-f1198d31 wp-block-group-is-layout-flex\" style=\"min-height:40vh;margin-top:0;margin-bottom:0;padding-top:var(--wp--preset--spacing--60);padding-right:var(--wp--preset--spacing--50);padding-bottom:var(--wp--preset--spacing--60);padding-left:var(--wp--preset--spacing--50)\"><div style=\"margin-bottom:6px;\" class=\"is-default-size aligncenter wp-block-site-logo\"><a href=\"https:\/\/www.asebier.org\/\" class=\"custom-logo-link\" rel=\"home\"><img loading=\"lazy\" decoding=\"async\" width=\"595\" height=\"420\" src=\"https:\/\/www.asebier.org\/wp-content\/uploads\/2023\/11\/logo_asebier.png\" class=\"custom-logo\" alt=\"ASEBIER\" srcset=\"https:\/\/www.asebier.org\/wp-content\/uploads\/2023\/11\/logo_asebier.png 595w, https:\/\/www.asebier.org\/wp-content\/uploads\/2023\/11\/logo_asebier-300x212.png 300w\" sizes=\"(max-width: 595px) 100vw, 595px\" \/><\/a><\/div>\n\n\n<div style=\"height:0px\" aria-hidden=\"true\" class=\"wp-block-spacer wp-container-content-071bc9c0\"><\/div>\n\n\n\n<ul class=\"wp-block-social-links has-normal-icon-size is-style-logos-only is-nowrap is-layout-flex wp-container-core-social-links-is-layout-53bee8aa wp-block-social-links-is-layout-flex\"><li class=\"wp-social-link wp-social-link-instagram  wp-block-social-link\"><a href=\"https:\/\/www.instagram.com\/asebier\/?hl=es\" class=\"wp-block-social-link-anchor\"><svg width=\"24\" height=\"24\" viewBox=\"0 0 24 24\" version=\"1.1\" xmlns=\"http:\/\/www.w3.org\/2000\/svg\" aria-hidden=\"true\" focusable=\"false\"><path d=\"M12,4.622c2.403,0,2.688,0.009,3.637,0.052c0.877,0.04,1.354,0.187,1.671,0.31c0.42,0.163,0.72,0.358,1.035,0.673 c0.315,0.315,0.51,0.615,0.673,1.035c0.123,0.317,0.27,0.794,0.31,1.671c0.043,0.949,0.052,1.234,0.052,3.637 s-0.009,2.688-0.052,3.637c-0.04,0.877-0.187,1.354-0.31,1.671c-0.163,0.42-0.358,0.72-0.673,1.035 c-0.315,0.315-0.615,0.51-1.035,0.673c-0.317,0.123-0.794,0.27-1.671,0.31c-0.949,0.043-1.233,0.052-3.637,0.052 s-2.688-0.009-3.637-0.052c-0.877-0.04-1.354-0.187-1.671-0.31c-0.42-0.163-0.72-0.358-1.035-0.673 c-0.315-0.315-0.51-0.615-0.673-1.035c-0.123-0.317-0.27-0.794-0.31-1.671C4.631,14.688,4.622,14.403,4.622,12 s0.009-2.688,0.052-3.637c0.04-0.877,0.187-1.354,0.31-1.671c0.163-0.42,0.358-0.72,0.673-1.035 c0.315-0.315,0.615-0.51,1.035-0.673c0.317-0.123,0.794-0.27,1.671-0.31C9.312,4.631,9.597,4.622,12,4.622 M12,3 C9.556,3,9.249,3.01,8.289,3.054C7.331,3.098,6.677,3.25,6.105,3.472C5.513,3.702,5.011,4.01,4.511,4.511 c-0.5,0.5-0.808,1.002-1.038,1.594C3.25,6.677,3.098,7.331,3.054,8.289C3.01,9.249,3,9.556,3,12c0,2.444,0.01,2.751,0.054,3.711 c0.044,0.958,0.196,1.612,0.418,2.185c0.23,0.592,0.538,1.094,1.038,1.594c0.5,0.5,1.002,0.808,1.594,1.038 c0.572,0.222,1.227,0.375,2.185,0.418C9.249,20.99,9.556,21,12,21s2.751-0.01,3.711-0.054c0.958-0.044,1.612-0.196,2.185-0.418 c0.592-0.23,1.094-0.538,1.594-1.038c0.5-0.5,0.808-1.002,1.038-1.594c0.222-0.572,0.375-1.227,0.418-2.185 C20.99,14.751,21,14.444,21,12s-0.01-2.751-0.054-3.711c-0.044-0.958-0.196-1.612-0.418-2.185c-0.23-0.592-0.538-1.094-1.038-1.594 c-0.5-0.5-1.002-0.808-1.594-1.038c-0.572-0.222-1.227-0.375-2.185-0.418C14.751,3.01,14.444,3,12,3L12,3z M12,7.378 c-2.552,0-4.622,2.069-4.622,4.622S9.448,16.622,12,16.622s4.622-2.069,4.622-4.622S14.552,7.378,12,7.378z M12,15 c-1.657,0-3-1.343-3-3s1.343-3,3-3s3,1.343,3,3S13.657,15,12,15z M16.804,6.116c-0.596,0-1.08,0.484-1.08,1.08 s0.484,1.08,1.08,1.08c0.596,0,1.08-0.484,1.08-1.08S17.401,6.116,16.804,6.116z\"><\/path><\/svg><span class=\"wp-block-social-link-label screen-reader-text\">Instagram<\/span><\/a><\/li>\n\n<li class=\"wp-social-link wp-social-link-facebook  wp-block-social-link\"><a href=\"https:\/\/www.facebook.com\/ASEBIER\/?locale=es_ES\" class=\"wp-block-social-link-anchor\"><svg width=\"24\" height=\"24\" viewBox=\"0 0 24 24\" version=\"1.1\" xmlns=\"http:\/\/www.w3.org\/2000\/svg\" aria-hidden=\"true\" focusable=\"false\"><path d=\"M12 2C6.5 2 2 6.5 2 12c0 5 3.7 9.1 8.4 9.9v-7H7.9V12h2.5V9.8c0-2.5 1.5-3.9 3.8-3.9 1.1 0 2.2.2 2.2.2v2.5h-1.3c-1.2 0-1.6.8-1.6 1.6V12h2.8l-.4 2.9h-2.3v7C18.3 21.1 22 17 22 12c0-5.5-4.5-10-10-10z\"><\/path><\/svg><span class=\"wp-block-social-link-label screen-reader-text\">Facebook<\/span><\/a><\/li>\n\n<li class=\"wp-social-link wp-social-link-youtube  wp-block-social-link\"><a href=\"https:\/\/www.youtube.com\/user\/asebibizkaia\" class=\"wp-block-social-link-anchor\"><svg width=\"24\" height=\"24\" viewBox=\"0 0 24 24\" version=\"1.1\" xmlns=\"http:\/\/www.w3.org\/2000\/svg\" aria-hidden=\"true\" focusable=\"false\"><path d=\"M21.8,8.001c0,0-0.195-1.378-0.795-1.985c-0.76-0.797-1.613-0.801-2.004-0.847c-2.799-0.202-6.997-0.202-6.997-0.202 h-0.009c0,0-4.198,0-6.997,0.202C4.608,5.216,3.756,5.22,2.995,6.016C2.395,6.623,2.2,8.001,2.2,8.001S2,9.62,2,11.238v1.517 c0,1.618,0.2,3.237,0.2,3.237s0.195,1.378,0.795,1.985c0.761,0.797,1.76,0.771,2.205,0.855c1.6,0.153,6.8,0.201,6.8,0.201 s4.203-0.006,7.001-0.209c0.391-0.047,1.243-0.051,2.004-0.847c0.6-0.607,0.795-1.985,0.795-1.985s0.2-1.618,0.2-3.237v-1.517 C22,9.62,21.8,8.001,21.8,8.001z M9.935,14.594l-0.001-5.62l5.404,2.82L9.935,14.594z\"><\/path><\/svg><span class=\"wp-block-social-link-label screen-reader-text\">YouTube<\/span><\/a><\/li>\n\n<li class=\"wp-social-link wp-social-link-x  wp-block-social-link\"><a href=\"https:\/\/twitter.com\/asebier?lang=es\" class=\"wp-block-social-link-anchor\"><svg width=\"24\" height=\"24\" viewBox=\"0 0 24 24\" version=\"1.1\" xmlns=\"http:\/\/www.w3.org\/2000\/svg\" aria-hidden=\"true\" focusable=\"false\"><path d=\"M13.982 10.622 20.54 3h-1.554l-5.693 6.618L8.745 3H3.5l6.876 10.007L3.5 21h1.554l6.012-6.989L15.868 21h5.245l-7.131-10.378Zm-2.128 2.474-.697-.997-5.543-7.93H8l4.474 6.4.697.996 5.815 8.318h-2.387l-4.745-6.787Z\" \/><\/svg><span class=\"wp-block-social-link-label screen-reader-text\">X<\/span><\/a><\/li><\/ul>\n\n\n\n<p class=\"has-text-align-left\"><\/p>\n\n\n\n<p class=\"has-text-align-left\">       <\/p>\n<\/div>\n","protected":false},"excerpt":{"rendered":"<p>ER ESKOLA Este programa dirigido a las escuelas ayuda a favorecer el desarrollo de valores como respeto mutuo y equidad y aplicarlos a todos los \u00e1mbitos de la vida cotidiana,&hellip;&nbsp;<a href=\"https:\/\/www.asebier.org\/?page_id=1287\" class=\"\" rel=\"bookmark\">Leer m\u00e1s &raquo;<span class=\"screen-reader-text\">\u00c1rea de Sensibilizaci\u00f3n<\/span><\/a><\/p>\n","protected":false},"author":2,"featured_media":0,"parent":0,"menu_order":0,"comment_status":"closed","ping_status":"closed","template":"","meta":{"neve_meta_sidebar":"","neve_meta_container":"","neve_meta_enable_content_width":"","neve_meta_content_width":0,"neve_meta_title_alignment":"","neve_meta_author_avatar":"","neve_post_elements_order":"","neve_meta_disable_header":"","neve_meta_disable_footer":"","neve_meta_disable_title":"","footnotes":""},"class_list":["post-1287","page","type-page","status-publish","hentry"],"yoast_head":"<!-- This site is optimized with the Yoast SEO plugin v27.5 - https:\/\/yoast.com\/product\/yoast-seo-wordpress\/ -->\n<title>\u00c1rea de Sensibilizaci\u00f3n - ASEBIER<\/title>\n<meta name=\"robots\" content=\"index, follow, max-snippet:-1, max-image-preview:large, max-video-preview:-1\" \/>\n<link rel=\"canonical\" href=\"https:\/\/www.asebier.org\/?page_id=1287\" \/>\n<meta property=\"og:locale\" content=\"es_ES\" \/>\n<meta property=\"og:type\" content=\"article\" \/>\n<meta property=\"og:title\" content=\"\u00c1rea de Sensibilizaci\u00f3n - ASEBIER\" \/>\n<meta property=\"og:description\" content=\"ER ESKOLA Este programa dirigido a las escuelas ayuda a favorecer el desarrollo de valores como respeto mutuo y equidad y aplicarlos a todos los \u00e1mbitos de la vida cotidiana,&hellip;&nbsp;Leer m\u00e1s &raquo;\u00c1rea de Sensibilizaci\u00f3n\" \/>\n<meta property=\"og:url\" content=\"https:\/\/www.asebier.org\/?page_id=1287\" \/>\n<meta property=\"og:site_name\" content=\"ASEBIER\" \/>\n<meta property=\"article:modified_time\" content=\"2023-11-16T18:40:28+00:00\" \/>\n<meta property=\"og:image\" content=\"https:\/\/app.asebier.org\/wp-content\/themes\/neve\/assets\/img\/patterns\/neve-patterns-18.jpg\" \/>\n<meta name=\"twitter:card\" content=\"summary_large_image\" \/>\n<meta name=\"twitter:label1\" content=\"Tiempo de lectura\" \/>\n\t<meta name=\"twitter:data1\" content=\"4 minutos\" \/>\n<script type=\"application\/ld+json\" class=\"yoast-schema-graph\">{\"@context\":\"https:\\\/\\\/schema.org\",\"@graph\":[{\"@type\":\"WebPage\",\"@id\":\"https:\\\/\\\/www.asebier.org\\\/?page_id=1287\",\"url\":\"https:\\\/\\\/www.asebier.org\\\/?page_id=1287\",\"name\":\"\u00c1rea de Sensibilizaci\u00f3n - ASEBIER\",\"isPartOf\":{\"@id\":\"https:\\\/\\\/www.asebier.org\\\/#website\"},\"primaryImageOfPage\":{\"@id\":\"https:\\\/\\\/www.asebier.org\\\/?page_id=1287#primaryimage\"},\"image\":{\"@id\":\"https:\\\/\\\/www.asebier.org\\\/?page_id=1287#primaryimage\"},\"thumbnailUrl\":\"https:\\\/\\\/app.asebier.org\\\/wp-content\\\/themes\\\/neve\\\/assets\\\/img\\\/patterns\\\/neve-patterns-18.jpg\",\"datePublished\":\"2023-11-16T13:56:18+00:00\",\"dateModified\":\"2023-11-16T18:40:28+00:00\",\"breadcrumb\":{\"@id\":\"https:\\\/\\\/www.asebier.org\\\/?page_id=1287#breadcrumb\"},\"inLanguage\":\"es\",\"potentialAction\":[{\"@type\":\"ReadAction\",\"target\":[\"https:\\\/\\\/www.asebier.org\\\/?page_id=1287\"]}]},{\"@type\":\"ImageObject\",\"inLanguage\":\"es\",\"@id\":\"https:\\\/\\\/www.asebier.org\\\/?page_id=1287#primaryimage\",\"url\":\"https:\\\/\\\/app.asebier.org\\\/wp-content\\\/themes\\\/neve\\\/assets\\\/img\\\/patterns\\\/neve-patterns-18.jpg\",\"contentUrl\":\"https:\\\/\\\/app.asebier.org\\\/wp-content\\\/themes\\\/neve\\\/assets\\\/img\\\/patterns\\\/neve-patterns-18.jpg\"},{\"@type\":\"BreadcrumbList\",\"@id\":\"https:\\\/\\\/www.asebier.org\\\/?page_id=1287#breadcrumb\",\"itemListElement\":[{\"@type\":\"ListItem\",\"position\":1,\"name\":\"Portada\",\"item\":\"https:\\\/\\\/www.asebier.org\\\/\"},{\"@type\":\"ListItem\",\"position\":2,\"name\":\"\u00c1rea de Sensibilizaci\u00f3n\"}]},{\"@type\":\"WebSite\",\"@id\":\"https:\\\/\\\/www.asebier.org\\\/#website\",\"url\":\"https:\\\/\\\/www.asebier.org\\\/\",\"name\":\"ASEBIER\",\"description\":\"Asociaci\u00f3n Euskadi Elkartea Enfermedades Raras EBH\",\"publisher\":{\"@id\":\"https:\\\/\\\/www.asebier.org\\\/#organization\"},\"potentialAction\":[{\"@type\":\"SearchAction\",\"target\":{\"@type\":\"EntryPoint\",\"urlTemplate\":\"https:\\\/\\\/www.asebier.org\\\/?s={search_term_string}\"},\"query-input\":{\"@type\":\"PropertyValueSpecification\",\"valueRequired\":true,\"valueName\":\"search_term_string\"}}],\"inLanguage\":\"es\"},{\"@type\":\"Organization\",\"@id\":\"https:\\\/\\\/www.asebier.org\\\/#organization\",\"name\":\"ASEBIER\",\"url\":\"https:\\\/\\\/www.asebier.org\\\/\",\"logo\":{\"@type\":\"ImageObject\",\"inLanguage\":\"es\",\"@id\":\"https:\\\/\\\/www.asebier.org\\\/#\\\/schema\\\/logo\\\/image\\\/\",\"url\":\"https:\\\/\\\/www.asebier.org\\\/wp-content\\\/uploads\\\/2023\\\/11\\\/logo_asebier.png\",\"contentUrl\":\"https:\\\/\\\/www.asebier.org\\\/wp-content\\\/uploads\\\/2023\\\/11\\\/logo_asebier.png\",\"width\":595,\"height\":420,\"caption\":\"ASEBIER\"},\"image\":{\"@id\":\"https:\\\/\\\/www.asebier.org\\\/#\\\/schema\\\/logo\\\/image\\\/\"}}]}<\/script>\n<!-- \/ Yoast SEO plugin. -->","yoast_head_json":{"title":"\u00c1rea de Sensibilizaci\u00f3n - ASEBIER","robots":{"index":"index","follow":"follow","max-snippet":"max-snippet:-1","max-image-preview":"max-image-preview:large","max-video-preview":"max-video-preview:-1"},"canonical":"https:\/\/www.asebier.org\/?page_id=1287","og_locale":"es_ES","og_type":"article","og_title":"\u00c1rea de Sensibilizaci\u00f3n - ASEBIER","og_description":"ER ESKOLA Este programa dirigido a las escuelas ayuda a favorecer el desarrollo de valores como respeto mutuo y equidad y aplicarlos a todos los \u00e1mbitos de la vida cotidiana,&hellip;&nbsp;Leer m\u00e1s &raquo;\u00c1rea de Sensibilizaci\u00f3n","og_url":"https:\/\/www.asebier.org\/?page_id=1287","og_site_name":"ASEBIER","article_modified_time":"2023-11-16T18:40:28+00:00","og_image":[{"url":"https:\/\/app.asebier.org\/wp-content\/themes\/neve\/assets\/img\/patterns\/neve-patterns-18.jpg","type":"","width":"","height":""}],"twitter_card":"summary_large_image","twitter_misc":{"Tiempo de lectura":"4 minutos"},"schema":{"@context":"https:\/\/schema.org","@graph":[{"@type":"WebPage","@id":"https:\/\/www.asebier.org\/?page_id=1287","url":"https:\/\/www.asebier.org\/?page_id=1287","name":"\u00c1rea de Sensibilizaci\u00f3n - ASEBIER","isPartOf":{"@id":"https:\/\/www.asebier.org\/#website"},"primaryImageOfPage":{"@id":"https:\/\/www.asebier.org\/?page_id=1287#primaryimage"},"image":{"@id":"https:\/\/www.asebier.org\/?page_id=1287#primaryimage"},"thumbnailUrl":"https:\/\/app.asebier.org\/wp-content\/themes\/neve\/assets\/img\/patterns\/neve-patterns-18.jpg","datePublished":"2023-11-16T13:56:18+00:00","dateModified":"2023-11-16T18:40:28+00:00","breadcrumb":{"@id":"https:\/\/www.asebier.org\/?page_id=1287#breadcrumb"},"inLanguage":"es","potentialAction":[{"@type":"ReadAction","target":["https:\/\/www.asebier.org\/?page_id=1287"]}]},{"@type":"ImageObject","inLanguage":"es","@id":"https:\/\/www.asebier.org\/?page_id=1287#primaryimage","url":"https:\/\/app.asebier.org\/wp-content\/themes\/neve\/assets\/img\/patterns\/neve-patterns-18.jpg","contentUrl":"https:\/\/app.asebier.org\/wp-content\/themes\/neve\/assets\/img\/patterns\/neve-patterns-18.jpg"},{"@type":"BreadcrumbList","@id":"https:\/\/www.asebier.org\/?page_id=1287#breadcrumb","itemListElement":[{"@type":"ListItem","position":1,"name":"Portada","item":"https:\/\/www.asebier.org\/"},{"@type":"ListItem","position":2,"name":"\u00c1rea de Sensibilizaci\u00f3n"}]},{"@type":"WebSite","@id":"https:\/\/www.asebier.org\/#website","url":"https:\/\/www.asebier.org\/","name":"ASEBIER","description":"Asociaci\u00f3n Euskadi Elkartea Enfermedades Raras EBH","publisher":{"@id":"https:\/\/www.asebier.org\/#organization"},"potentialAction":[{"@type":"SearchAction","target":{"@type":"EntryPoint","urlTemplate":"https:\/\/www.asebier.org\/?s={search_term_string}"},"query-input":{"@type":"PropertyValueSpecification","valueRequired":true,"valueName":"search_term_string"}}],"inLanguage":"es"},{"@type":"Organization","@id":"https:\/\/www.asebier.org\/#organization","name":"ASEBIER","url":"https:\/\/www.asebier.org\/","logo":{"@type":"ImageObject","inLanguage":"es","@id":"https:\/\/www.asebier.org\/#\/schema\/logo\/image\/","url":"https:\/\/www.asebier.org\/wp-content\/uploads\/2023\/11\/logo_asebier.png","contentUrl":"https:\/\/www.asebier.org\/wp-content\/uploads\/2023\/11\/logo_asebier.png","width":595,"height":420,"caption":"ASEBIER"},"image":{"@id":"https:\/\/www.asebier.org\/#\/schema\/logo\/image\/"}}]}},"_links":{"self":[{"href":"https:\/\/www.asebier.org\/index.php?rest_route=\/wp\/v2\/pages\/1287","targetHints":{"allow":["GET"]}}],"collection":[{"href":"https:\/\/www.asebier.org\/index.php?rest_route=\/wp\/v2\/pages"}],"about":[{"href":"https:\/\/www.asebier.org\/index.php?rest_route=\/wp\/v2\/types\/page"}],"author":[{"embeddable":true,"href":"https:\/\/www.asebier.org\/index.php?rest_route=\/wp\/v2\/users\/2"}],"replies":[{"embeddable":true,"href":"https:\/\/www.asebier.org\/index.php?rest_route=%2Fwp%2Fv2%2Fcomments&post=1287"}],"version-history":[{"count":18,"href":"https:\/\/www.asebier.org\/index.php?rest_route=\/wp\/v2\/pages\/1287\/revisions"}],"predecessor-version":[{"id":1465,"href":"https:\/\/www.asebier.org\/index.php?rest_route=\/wp\/v2\/pages\/1287\/revisions\/1465"}],"wp:attachment":[{"href":"https:\/\/www.asebier.org\/index.php?rest_route=%2Fwp%2Fv2%2Fmedia&parent=1287"}],"curies":[{"name":"wp","href":"https:\/\/api.w.org\/{rel}","templated":true}]}}